{"id":133,"date":"2015-04-16T11:04:59","date_gmt":"2015-04-16T11:04:59","guid":{"rendered":"http:\/\/www.romaniancommunity.net\/rci\/?page_id=133"},"modified":"2025-06-09T21:32:28","modified_gmt":"2025-06-09T21:32:28","slug":"home","status":"publish","type":"page","link":"https:\/\/www.romaniancommunity.net\/rci\/","title":{"rendered":""},"content":{"rendered":"<h1 class=\"entry-title\">Cercetare Sociologic\u0103 RCI 2025<\/h1>\n<div class=\"p-rich_text_section\">\n<div id=\"attachment_4433\" style=\"width: 250px\" class=\"wp-caption alignleft\"><a href=\"https:\/\/forms.gle\/H27sTn4NqcoCfaLq8\"><img loading=\"lazy\" decoding=\"async\" aria-describedby=\"caption-attachment-4433\" class=\"size-medium wp-image-4433\" src=\"http:\/\/www.romaniancommunity.net\/rci\/wp-content\/uploads\/2025\/04\/Postare-2-aprilie-Lansare-chestionarului-online-RCI-240x300.png\" alt=\"Cercetare Sociologic\u0103 RCI 2025\" width=\"240\" height=\"300\" srcset=\"https:\/\/www.romaniancommunity.net\/rci\/wp-content\/uploads\/2025\/04\/Postare-2-aprilie-Lansare-chestionarului-online-RCI-240x300.png 240w, https:\/\/www.romaniancommunity.net\/rci\/wp-content\/uploads\/2025\/04\/Postare-2-aprilie-Lansare-chestionarului-online-RCI-819x1024.png 819w, https:\/\/www.romaniancommunity.net\/rci\/wp-content\/uploads\/2025\/04\/Postare-2-aprilie-Lansare-chestionarului-online-RCI-768x960.png 768w, https:\/\/www.romaniancommunity.net\/rci\/wp-content\/uploads\/2025\/04\/Postare-2-aprilie-Lansare-chestionarului-online-RCI.png 1080w\" sizes=\"auto, (max-width: 240px) 100vw, 240px\" \/><\/a><p id=\"caption-attachment-4433\" class=\"wp-caption-text\">Cercetare Sociologic\u0103 RCI 2025<\/p><\/div>\n<\/div>\n<h4><\/h4>\n<h4 class=\"p-rich_text_section\">RCI lanseaz\u0103 o cercetare sociologic\u0103 aplicat\u0103 privind comunitatea rom\u00e2neasc\u0103 din Irlanda.<br \/>\nComunitatea rom\u00e2neasc\u0103 din Irlanda este \u00een continu\u0103 cre\u0219tere. Tot mai mul\u021bi rom\u00e2ni aleg s\u0103 studieze, s\u0103 munceasc\u0103 sau s\u0103 \u00ee\u0219i \u00eentemeieze o familie aici. \u00centr-un context at\u00e2t de dinamic, este important s\u0103 \u00een\u021belegem care sunt provoc\u0103rile reale, nevoile concrete \u0219i interesele actuale ale celor care formeaz\u0103 aceast\u0103 comunitate.<\/h4>\n<p>&nbsp;<\/p>\n<p>&nbsp;<\/p>\n<p>Pentru a putea r\u0103spunde c\u00e2t mai bine acestor realit\u0103\u021bi, Romanian Community of Ireland (RCI) lanseaz\u0103 o cercetare sociologic\u0103 aplicat\u0103, parte a procesului de planificare strategic\u0103 a organiza\u021biei pentru urm\u0103torii ani.Te invit\u0103m s\u0103 completezi un chestionar anonim, un proces ce ia 7\u201310 minute \u0219i abordeaz\u0103 8 direc\u021bii esen\u021biale din via\u021ba comunit\u0103\u021bii:<\/p>\n<ul class=\"p-rich_text_list p-rich_text_list__bullet p-rich_text_list--nested\" data-stringify-type=\"unordered-list\" data-list-tree=\"true\" data-indent=\"0\" data-border=\"0\">\n<li data-stringify-indent=\"0\" data-stringify-border=\"0\">integrarea \u00een societatea irlandez\u0103<\/li>\n<li data-stringify-indent=\"0\" data-stringify-border=\"0\">identitatea cultural\u0103<\/li>\n<li data-stringify-indent=\"0\" data-stringify-border=\"0\">accesul la informa\u021bii \u0219i servicii<\/li>\n<li data-stringify-indent=\"0\" data-stringify-border=\"0\">comunicarea cu alte institu\u021bii<\/li>\n<li data-stringify-indent=\"0\" data-stringify-border=\"0\">implicarea \u00een comunitate<\/li>\n<li data-stringify-indent=\"0\" data-stringify-border=\"0\">opiniile despre activit\u0103\u021bile RCI<\/li>\n<li data-stringify-indent=\"0\" data-stringify-border=\"0\">propuneri \u0219i idei personale<\/li>\n<\/ul>\n<p class=\"p-rich_text_section\">R\u0103spunsurile tale vor fi analizate de o echip\u0103 de speciali\u0219ti \u0219i vor contribui direct la modelarea proiectelor, activit\u0103\u021bilor \u0219i pozi\u021bion\u0103rii RCI pentru a servi mai bine comunitatea.Te invit\u0103m s\u0103 completezi chestionarul de mai jos p\u00e2n\u0103 pe 22 iunie 2025: <a class=\"c-link c-link--underline\" href=\"https:\/\/forms.gle\/H27sTn4NqcoCfaLq8\" target=\"_blank\" rel=\"noopener noreferrer\" data-stringify-link=\"https:\/\/forms.gle\/H27sTn4NqcoCfaLq8\" data-sk=\"tooltip_parent\">https:\/\/forms.gle\/H27sTn4NqcoCfaLq8<\/a><\/p>\n<p class=\"p-rich_text_section\">Cu c\u00e2t mai mul\u021bi rom\u00e2ni r\u0103spund, cu at\u00e2t mai clar va fi tabloul comunit\u0103\u021bii noastre.<\/p>\n<p class=\"p-rich_text_section\"><span class=\"c-emoji c-emoji__medium c-emoji--inline\" data-qa=\"emoji\" data-sk=\"tooltip_parent\"><img loading=\"lazy\" decoding=\"async\" class=\"\" src=\"https:\/\/a.slack-edge.com\/production-standard-emoji-assets\/14.0\/apple-medium\/1f4cc@2x.png\" alt=\":pushpin:\" width=\"26\" height=\"26\" aria-label=\"pushpin emoji\" data-stringify-type=\"emoji\" data-stringify-emoji=\":pushpin:\" \/><\/span>\u00a0Not\u0103: Acest chestionar face parte dintr-o cercetare mai ampl\u0103, care include \u0219i un focus grup na\u021bional, precum \u0219i interviuri 1:1 cu persoane-cheie din diaspora rom\u00e2neasc\u0103 din Irlanda.<\/p>\n<div><\/div>\n<h4 class=\"p-rich_text_section\"><em><strong>V\u0103 mul\u021bumim!<\/strong><\/em><\/h4>\n<h4 class=\"p-rich_text_section\"><em><strong>Echipa RCI<\/strong><\/em><\/h4>\n<p>&nbsp;<\/p>\n<hr \/>\n<hr \/>\n<h3><strong><a href=\"http:\/\/www.romaniancommunity.net\/rci\/retrospectiva-2022\/\">Retrospectiva 2022<\/a><\/strong><\/h3>\n<h3><strong><a href=\"http:\/\/www.romaniancommunity.net\/rci\/retrospectiva-2021\/\">Retrospectiva 2021<\/a><\/strong><\/h3>\n<h3><strong><a href=\"http:\/\/www.romaniancommunity.net\/rci\/retrospectiva-2020\/\">Retrospectiva 2020<\/a><\/strong><\/h3>\n<h3><strong><a href=\"http:\/\/www.romaniancommunity.net\/rci\/retrospectiva-2019\/\">Retrospectiva 2019<\/a><\/strong><\/h3>\n<h3><strong><a href=\"http:\/\/www.romaniancommunity.net\/rci\/retrospectiva-2018\/\">Retrospectiva 2018<\/a><\/strong><\/h3>\n<h3><strong><a href=\"http:\/\/www.romaniancommunity.net\/rci\/retrospectiva-2017\/\">Retrospectiva 2017<\/a><\/strong><\/h3>\n<h3><strong><a href=\"http:\/\/www.romaniancommunity.net\/rci\/retrospectiva-2016\/\">Retrospectiva 2016<\/a><\/strong><\/h3>\n<hr \/>\n<p>&nbsp;<\/p>\n<h3><strong>V\u0103 mul\u0163umim pentru vizita pe website-ul Romanian Community of Ireland!<\/strong><\/h3>\n<blockquote><p>Aici, rom\u00e2nii care inten\u0163ionez\u0103 s\u0103 se stabilieasc\u0103, cei ce vin s\u0103 lucreze sau doar s\u0103 studieze \u00een Irlanda pot g\u0103si informa\u0163iile necesare unei &#8220;aclimatiz\u0103ri&#8221; c\u00e2t mai line. Aceste informa\u0163ii pot fi g\u0103site \u00een primul r\u00e2nd \u00een sec\u0163iunea GHIDUL NOULUI VENIT. Apoi, \u00een sec\u0163iunea SERVICII \u015eI INFORMA\u0162II pute\u0163i g\u0103si detalii privind cursurile gratuite de limba englez\u0103, programul \u00eent\u00e2lnirilor tematice, informa\u0163ii utile privind serviciile de reprezentare pe l\u00e2ng\u0103 institu\u0163iile irlandeze sau rom\u00e2ne \u015fi, nu \u00een ultimul r\u00e2nd, informa\u0163ii privind oportunit\u0103\u0163ile de c\u0103l\u0103torie, divertisment \u015fi petrecere a timpului liber.<\/p><\/blockquote>\n","protected":false},"excerpt":{"rendered":"<p>Cercetare Sociologic\u0103 RCI 2025 RCI lanseaz\u0103 o cercetare sociologic\u0103 aplicat\u0103 privind comunitatea rom\u00e2neasc\u0103 din Irlanda. Comunitatea rom\u00e2neasc\u0103 din Irlanda este \u00een continu\u0103 cre\u0219tere. Tot mai mul\u021bi rom\u00e2ni aleg s\u0103 studieze, [&hellip;]<\/p>\n","protected":false},"author":7,"featured_media":4408,"parent":0,"menu_order":0,"comment_status":"closed","ping_status":"closed","template":"","meta":{"footnotes":""},"class_list":["post-133","page","type-page","status-publish","has-post-thumbnail","hentry"],"yoast_head":"<!-- This site is optimized with the Yoast SEO plugin v27.5 - https:\/\/yoast.com\/product\/yoast-seo-wordpress\/ -->\n<title>- Romanian Community of Ireland<\/title>\n<meta name=\"description\" content=\"Romanian Community of Ireland: Aici, rom\u00e2nii care inten\u0163ionez\u0103 s\u0103 se stabilieasc\u0103, cei ce vin s\u0103 lucreze sau doar s\u0103 studieze \u00een Irlanda pot g\u0103si informa\u0163ii\" \/>\n<meta name=\"robots\" content=\"index, follow, max-snippet:-1, max-image-preview:large, max-video-preview:-1\" \/>\n<link rel=\"canonical\" href=\"http:\/\/www.romaniancommunity.net\/rci\/\" \/>\n<meta property=\"og:locale\" content=\"en_US\" \/>\n<meta property=\"og:type\" content=\"article\" \/>\n<meta property=\"og:title\" content=\"- Romanian Community of Ireland\" \/>\n<meta property=\"og:description\" content=\"Romanian Community of Ireland: Aici, rom\u00e2nii care inten\u0163ionez\u0103 s\u0103 se stabilieasc\u0103, cei ce vin s\u0103 lucreze sau doar s\u0103 studieze \u00een Irlanda pot g\u0103si informa\u0163ii\" \/>\n<meta property=\"og:url\" content=\"http:\/\/www.romaniancommunity.net\/rci\/\" \/>\n<meta property=\"og:site_name\" content=\"Romanian Community of Ireland\" \/>\n<meta property=\"article:publisher\" content=\"https:\/\/www.facebook.com\/RomanianCommunityOfIreland\/\" \/>\n<meta property=\"article:modified_time\" content=\"2025-06-09T21:32:28+00:00\" \/>\n<meta property=\"og:image\" content=\"http:\/\/www.romaniancommunity.net\/rci\/wp-content\/uploads\/2024\/01\/ZF2024.jpeg\" \/>\n\t<meta property=\"og:image:width\" content=\"720\" \/>\n\t<meta property=\"og:image:height\" content=\"1019\" \/>\n\t<meta property=\"og:image:type\" content=\"image\/jpeg\" \/>\n<meta name=\"twitter:card\" content=\"summary_large_image\" \/>\n<meta name=\"twitter:label1\" content=\"Est. reading time\" \/>\n\t<meta name=\"twitter:data1\" content=\"2 minutes\" \/>\n<script type=\"application\/ld+json\" class=\"yoast-schema-graph\">{\"@context\":\"https:\\\/\\\/schema.org\",\"@graph\":[{\"@type\":\"WebPage\",\"@id\":\"http:\\\/\\\/www.romaniancommunity.net\\\/rci\\\/\",\"url\":\"http:\\\/\\\/www.romaniancommunity.net\\\/rci\\\/\",\"name\":\"- Romanian Community of Ireland\",\"isPartOf\":{\"@id\":\"http:\\\/\\\/www.romaniancommunity.net\\\/rci\\\/#website\"},\"primaryImageOfPage\":{\"@id\":\"http:\\\/\\\/www.romaniancommunity.net\\\/rci\\\/#primaryimage\"},\"image\":{\"@id\":\"http:\\\/\\\/www.romaniancommunity.net\\\/rci\\\/#primaryimage\"},\"thumbnailUrl\":\"https:\\\/\\\/www.romaniancommunity.net\\\/rci\\\/wp-content\\\/uploads\\\/2024\\\/01\\\/ZF2024.jpeg\",\"datePublished\":\"2015-04-16T11:04:59+00:00\",\"dateModified\":\"2025-06-09T21:32:28+00:00\",\"description\":\"Romanian Community of Ireland: Aici, rom\u00e2nii care inten\u0163ionez\u0103 s\u0103 se stabilieasc\u0103, cei ce vin s\u0103 lucreze sau doar s\u0103 studieze \u00een Irlanda pot g\u0103si informa\u0163ii\",\"inLanguage\":\"en-US\",\"potentialAction\":[{\"@type\":\"ReadAction\",\"target\":[\"http:\\\/\\\/www.romaniancommunity.net\\\/rci\\\/\"]}]},{\"@type\":\"ImageObject\",\"inLanguage\":\"en-US\",\"@id\":\"http:\\\/\\\/www.romaniancommunity.net\\\/rci\\\/#primaryimage\",\"url\":\"https:\\\/\\\/www.romaniancommunity.net\\\/rci\\\/wp-content\\\/uploads\\\/2024\\\/01\\\/ZF2024.jpeg\",\"contentUrl\":\"https:\\\/\\\/www.romaniancommunity.net\\\/rci\\\/wp-content\\\/uploads\\\/2024\\\/01\\\/ZF2024.jpeg\",\"width\":720,\"height\":1019,\"caption\":\"Ziua Femeii 2024\"},{\"@type\":\"WebSite\",\"@id\":\"http:\\\/\\\/www.romaniancommunity.net\\\/rci\\\/#website\",\"url\":\"http:\\\/\\\/www.romaniancommunity.net\\\/rci\\\/\",\"name\":\"Romanian Community of Ireland\",\"description\":\"Comunitatea Rom\u00e2nilor din Irlanda\",\"potentialAction\":[{\"@type\":\"SearchAction\",\"target\":{\"@type\":\"EntryPoint\",\"urlTemplate\":\"http:\\\/\\\/www.romaniancommunity.net\\\/rci\\\/?s={search_term_string}\"},\"query-input\":{\"@type\":\"PropertyValueSpecification\",\"valueRequired\":true,\"valueName\":\"search_term_string\"}}],\"inLanguage\":\"en-US\"}]}<\/script>\n<!-- \/ Yoast SEO plugin. -->","yoast_head_json":{"title":"- Romanian Community of Ireland","description":"Romanian Community of Ireland: Aici, rom\u00e2nii care inten\u0163ionez\u0103 s\u0103 se stabilieasc\u0103, cei ce vin s\u0103 lucreze sau doar s\u0103 studieze \u00een Irlanda pot g\u0103si informa\u0163ii","robots":{"index":"index","follow":"follow","max-snippet":"max-snippet:-1","max-image-preview":"max-image-preview:large","max-video-preview":"max-video-preview:-1"},"canonical":"http:\/\/www.romaniancommunity.net\/rci\/","og_locale":"en_US","og_type":"article","og_title":"- Romanian Community of Ireland","og_description":"Romanian Community of Ireland: Aici, rom\u00e2nii care inten\u0163ionez\u0103 s\u0103 se stabilieasc\u0103, cei ce vin s\u0103 lucreze sau doar s\u0103 studieze \u00een Irlanda pot g\u0103si informa\u0163ii","og_url":"http:\/\/www.romaniancommunity.net\/rci\/","og_site_name":"Romanian Community of Ireland","article_publisher":"https:\/\/www.facebook.com\/RomanianCommunityOfIreland\/","article_modified_time":"2025-06-09T21:32:28+00:00","og_image":[{"width":720,"height":1019,"url":"http:\/\/www.romaniancommunity.net\/rci\/wp-content\/uploads\/2024\/01\/ZF2024.jpeg","type":"image\/jpeg"}],"twitter_card":"summary_large_image","twitter_misc":{"Est. reading time":"2 minutes"},"schema":{"@context":"https:\/\/schema.org","@graph":[{"@type":"WebPage","@id":"http:\/\/www.romaniancommunity.net\/rci\/","url":"http:\/\/www.romaniancommunity.net\/rci\/","name":"- Romanian Community of Ireland","isPartOf":{"@id":"http:\/\/www.romaniancommunity.net\/rci\/#website"},"primaryImageOfPage":{"@id":"http:\/\/www.romaniancommunity.net\/rci\/#primaryimage"},"image":{"@id":"http:\/\/www.romaniancommunity.net\/rci\/#primaryimage"},"thumbnailUrl":"https:\/\/www.romaniancommunity.net\/rci\/wp-content\/uploads\/2024\/01\/ZF2024.jpeg","datePublished":"2015-04-16T11:04:59+00:00","dateModified":"2025-06-09T21:32:28+00:00","description":"Romanian Community of Ireland: Aici, rom\u00e2nii care inten\u0163ionez\u0103 s\u0103 se stabilieasc\u0103, cei ce vin s\u0103 lucreze sau doar s\u0103 studieze \u00een Irlanda pot g\u0103si informa\u0163ii","inLanguage":"en-US","potentialAction":[{"@type":"ReadAction","target":["http:\/\/www.romaniancommunity.net\/rci\/"]}]},{"@type":"ImageObject","inLanguage":"en-US","@id":"http:\/\/www.romaniancommunity.net\/rci\/#primaryimage","url":"https:\/\/www.romaniancommunity.net\/rci\/wp-content\/uploads\/2024\/01\/ZF2024.jpeg","contentUrl":"https:\/\/www.romaniancommunity.net\/rci\/wp-content\/uploads\/2024\/01\/ZF2024.jpeg","width":720,"height":1019,"caption":"Ziua Femeii 2024"},{"@type":"WebSite","@id":"http:\/\/www.romaniancommunity.net\/rci\/#website","url":"http:\/\/www.romaniancommunity.net\/rci\/","name":"Romanian Community of Ireland","description":"Comunitatea Rom\u00e2nilor din Irlanda","potentialAction":[{"@type":"SearchAction","target":{"@type":"EntryPoint","urlTemplate":"http:\/\/www.romaniancommunity.net\/rci\/?s={search_term_string}"},"query-input":{"@type":"PropertyValueSpecification","valueRequired":true,"valueName":"search_term_string"}}],"inLanguage":"en-US"}]}},"_links":{"self":[{"href":"https:\/\/www.romaniancommunity.net\/rci\/wp-json\/wp\/v2\/pages\/133","targetHints":{"allow":["GET"]}}],"collection":[{"href":"https:\/\/www.romaniancommunity.net\/rci\/wp-json\/wp\/v2\/pages"}],"about":[{"href":"https:\/\/www.romaniancommunity.net\/rci\/wp-json\/wp\/v2\/types\/page"}],"author":[{"embeddable":true,"href":"https:\/\/www.romaniancommunity.net\/rci\/wp-json\/wp\/v2\/users\/7"}],"replies":[{"embeddable":true,"href":"https:\/\/www.romaniancommunity.net\/rci\/wp-json\/wp\/v2\/comments?post=133"}],"version-history":[{"count":128,"href":"https:\/\/www.romaniancommunity.net\/rci\/wp-json\/wp\/v2\/pages\/133\/revisions"}],"predecessor-version":[{"id":4464,"href":"https:\/\/www.romaniancommunity.net\/rci\/wp-json\/wp\/v2\/pages\/133\/revisions\/4464"}],"wp:featuredmedia":[{"embeddable":true,"href":"https:\/\/www.romaniancommunity.net\/rci\/wp-json\/wp\/v2\/media\/4408"}],"wp:attachment":[{"href":"https:\/\/www.romaniancommunity.net\/rci\/wp-json\/wp\/v2\/media?parent=133"}],"curies":[{"name":"wp","href":"https:\/\/api.w.org\/{rel}","templated":true}]}}