{"id":94,"date":"2015-04-16T10:30:50","date_gmt":"2015-04-16T10:30:50","guid":{"rendered":"http:\/\/www.romaniancommunity.net\/rci\/?page_id=94"},"modified":"2025-04-08T15:30:19","modified_gmt":"2025-04-08T15:30:19","slug":"echipa","status":"publish","type":"page","link":"http:\/\/www.romaniancommunity.net\/rci\/despre-noi\/echipa\/","title":{"rendered":"Echipa RCI 2022-2025"},"content":{"rendered":"<h5 style=\"text-align: justify;\"><strong>Rodica Apopei<\/strong><span style=\"color: #000000; font-size: 14px;\"> &#8211;\u00a0Pre\u0219edintele Comitetului Director al RCI <\/span><\/h5>\n<p style=\"text-align: justify;\"><img decoding=\"async\" class=\"alignleft wp-image-4292\" src=\"http:\/\/www.romaniancommunity.net\/rci\/wp-content\/uploads\/2019\/09\/71065889_517145665729938_8425412296313929728_n-Copy-1.jpg\" width=\"123\" \/>Rodica este originara din Piatra-Neamt si locuieste impreuna cu familia in Irlanda de peste 29 de ani. Face munc\u0103 voluntar\u0103 chiar din primii ani de cand a ajuns \u00een Irlanda, la diferite agen\u021bii de traducere, la \u0219coli private sau de stat, la sta\u021bii de radio \u0219i ziare. Plecata de-acasa la varsta tineretii, Rodica \u0219i-a continuat educa\u021bia academic\u0103 \u00een Irlanda \u0219i a terminat Adult Guidance and Counselling in Maynooth University, 2007. A lucrat peste 21 de ani pentru Department of Social Protection \u0219i iube\u0219te sa ajute oamenii din orice col\u021b al lumii. \u00cen prezent lucreaz\u0103 \u00een cadrul Departamentului de Agricultura, ca Executive Officer. S-a alaturat echipei de voluntari al RCI \u00een ianuarie 2018, tot din dorin\u021ba de a ajuta comunitatea \u0219i membrii ei \u0219i \u00ee\u0219i dore\u0219te s\u0103 aduc\u0103 un plus de valoare \u0219i contribu\u021bie la eforturile organiza\u021biei, de promovare a valorilor culturale \u0219i tradi\u021bionale rom\u00e2ne\u0219ti.<\/p>\n<p style=\"text-align: justify;\"><em>Rodica is originally from Piatra-Neamt and has been living with her family in Ireland for over 29 years. She has been doing voluntary work since the first years she arrived in Ireland, at various translation agencies, at private or state schools, at radio stations and newspapers. Left home at a young age, Rodica continued her academic education in Ireland and completed Adult Guidance and Counseling in Maynooth University, graduated in 2007. She has worked for over 21 years for the Department of Social Protection and loves helping people from all the world. She currently works in the Department of Agriculture, as an Executive Officer. She joined the RCI volunteer team in January 2018, also out of a desire to help the community and its members and wants to add value and contribution to the organization&#8217;s efforts, to promote Romanian cultural and traditional values.<\/em><\/p>\n<div class=\"clear hrule\" style=\"text-align: justify;\"><\/div>\n<h5 style=\"text-align: justify;\"><strong>Anca Lupu<\/strong><span style=\"color: #000000; font-size: 14px;\">\u00a0&#8211; Pre\u015fedintele onorific\u00a0al RCI<\/span><\/h5>\n<p style=\"text-align: justify;\"><img loading=\"lazy\" decoding=\"async\" class=\"alignleft wp-image-3945\" src=\"http:\/\/www.romaniancommunity.net\/rci\/wp-content\/uploads\/2019\/01\/crop-955x1024.jpeg\" width=\"139\" height=\"149\" srcset=\"http:\/\/www.romaniancommunity.net\/rci\/wp-content\/uploads\/2019\/01\/crop-955x1024.jpeg 955w, http:\/\/www.romaniancommunity.net\/rci\/wp-content\/uploads\/2019\/01\/crop-280x300.jpeg 280w, http:\/\/www.romaniancommunity.net\/rci\/wp-content\/uploads\/2019\/01\/crop-768x824.jpeg 768w, http:\/\/www.romaniancommunity.net\/rci\/wp-content\/uploads\/2019\/01\/crop.jpeg 980w\" sizes=\"auto, (max-width: 139px) 100vw, 139px\" \/>Anca Lupu locuie\u0219te \u00een Irlanda din anul 2000 \u0219i activeaz\u0103 \u00een sectorul ONG-urilor de 18 ani, oferind sprijin, consiliere, coordonare \u0219i consultan\u021b\u0103 persoanelor, grupurilor etnice minoritare \u0219i multor organiza\u021bii de stat din Irlanda, dedic\u00e2nd mult timp voluntariatului. Anca este manager la un centru de psihoterapie si consiliere din Dublin \u00eens\u0103 a lucrat \u0219i la agen\u021bia na\u021bional\u0103 Citizens Information Service \u0219i \u00een alte organiza\u021bii na\u021bionale \u0219i locale din sectorul ONG-urilor irlandeze. Anca \u0219i-a \u00eenceput cariera ca \u00eenv\u0103\u021b\u0103toare \u00eens\u0103 ajung\u00e2nd \u00een Irlanda a fost atras\u0103 de Community Development, Interculturalism \u0219i Coaching pe care le practic\u0103 zilnic, calific\u00e2ndu-se ulterior ca Life &amp; Parent Coach \u0219i Professional trainer. Anca are o experien\u021b\u0103 variat\u0103 \u00een domeniul comunit\u0103\u021bilor din Irlanda \u0219i o energie pozitiv\u0103 molipsitoare. Anca \u00ee\u0219i dedic\u0103 mult timp voluntariatului pentru diferite cauze culturale, educa\u021bionale, umanitare \u0219i de integrare. Abilit\u0103\u021bile sale, personalitatea puternic\u0103 \u0219i atitudinea pozitiv\u0103 au influen\u021bat \u0219i dezvoltat enorm, at\u00e2t organiza\u021bia noastr\u0103, c\u00e2t si a altor comunit\u0103\u021bi \u0219i organiza\u021bii din Irlanda.<\/p>\n<p style=\"text-align: justify;\"><em>Anca Lupu has been living in Ireland since 2000 and has been a community activist in the NGO sector for more than 18 years providing support, guidance, facilitation and consultancy to both individuals and groups from diverse communities, dedicating a lot of her time to cultural, educational, humanitarian and integration events in Ireland. She currently works as Manager in a Psychotherapy and Counselling centre in Dublin, and held other management positions in the Irish community sector throughout the years including Citizens Information Service. She qualified as a teacher in Romania, but since her arrival in Ireland she trained in Community Development and Interculturalism, Life and Parent Coaching, Volunteer Facilitation and Management. Anca is an inspiring person with extensive knowledge and experience of the community sector in Ireland and a true people\u2019s person. Her various skills, inspiring character and positive attitude influenced hugely the running and the development of many organisations in Ireland including RCI.<\/em><\/p>\n<div class=\"clear hrule\" style=\"text-align: justify;\"><\/div>\n<h5 style=\"text-align: justify;\"><strong>Florin Andreiu<\/strong><span style=\"color: #000000; font-size: 14px;\"> &#8211;\u00a0Vicepre\u015fedintele Comitetului Director al RCI<\/span><\/h5>\n<p style=\"text-align: justify;\"><img loading=\"lazy\" decoding=\"async\" class=\"alignleft wp-image-869\" src=\"http:\/\/www.romaniancommunity.net\/rci\/wp-content\/uploads\/2015\/04\/Florin-Andreiu_RCI.jpg\" width=\"126\" height=\"158\" \/>Florin este originar din ora\u0219ul Br\u0103ila, de pe malul Dun\u0103rii, unde a locuit p\u00e2n\u0103 \u00een 2001, c\u00e2nd a decis s\u0103 emigreze \u00een Sco\u021bia. Pe durata celor cinci ani petrecu\u021bi \u00een Glasgow a fost implicat \u00een organiza\u021bia Romanians in UK, particip\u00e2nd la \u00eent\u00e2lnirile lor frecvente din Londra. De asemenea, a activat \u0219i \u00een comunitatea Romanians in Glasgow. Dupa ce s-a mutat \u00een Irlanda, c\u0103tre sf\u00e2r\u0219itul anului 2006, Florin a dorit s\u0103-\u0219i continuie implicarea \u00een sectorul de voluntariat \u0219i din anul 2007 a devenit un simpatizant al demersurilor RCI, iar \u00eencep\u00e2nd cu anul 2012 a devenit membru deplin al oraniza\u021biei.<\/p>\n<p style=\"text-align: justify;\"><em>Florin was born in the lovely Danube city of Braila, where he lived until 2001, when later decided to migrate to Scotland. During his 5 year stay in Glasgow, he was involved with the community organisation Romanians in UK and participated to their frequent meetings in London. He was also an active member in the small community of Romanians in Glasgow. Following his relocation to Ireland (end of 2006), Florin decided to continue his involvement in the voluntary sector and became a supporter of the RCI&#8217;s activities since 2007 and a full member of the board since 2012.<\/em><\/p>\n<div class=\"clear hrule\" style=\"text-align: justify;\"><\/div>\n<h5 style=\"text-align: justify;\"><strong>Cristina B\u0103l\u0103uc\u0103<\/strong><span style=\"color: #000000; font-size: 14px;\"> \u2013 Casier al Comitetului Director al RCI<\/span><\/h5>\n<p style=\"text-align: justify;\"><img decoding=\"async\" class=\"alignleft size-medium wp-image-4359\" src=\"http:\/\/www.romaniancommunity.net\/rci\/wp-content\/uploads\/2021\/06\/thumbnail2-257x300.jpg\" width=\"123\" srcset=\"http:\/\/www.romaniancommunity.net\/rci\/wp-content\/uploads\/2021\/06\/thumbnail2-257x300.jpg 257w, http:\/\/www.romaniancommunity.net\/rci\/wp-content\/uploads\/2021\/06\/thumbnail2.jpg 518w\" sizes=\"(max-width: 257px) 100vw, 257px\" \/>Am venit \u00een Irlanda in anul 2000 din T\u0103ma\u0219eni, Jude\u021bul Neam\u021b \u0219i de la \u00eenceput pentru mine aceast\u0103 &#8220;insul\u0103 de smarald&#8221; a fost si va fi mereu ca o a doua cas\u0103. M-am al\u0103turat echipei RCI \u00een mai 2019 deoarece cred \u00een oameni \u0219i \u00een puterea acestora de a (se) schimba si a se ajuta unii pe ceilal\u021bi. Nu ne-am n\u0103scut doar ca s\u0103 ne facem un trai decent pentru noi \u00eensu\u0219i, ne-am n\u0103scut ca s\u0103 realiz\u0103m ceva specific, s\u0103 contribuim, \u0219i \u00eempreun\u0103 vom putem schimba ceva \u00een lume \u0219i \u00een con\u0219tiin\u021ba semenilor.<br \/>\n&#8220;Orice zi poate s\u0103 fie un nou \u00eenceput. Respira\u021bi ad\u00e2nc, z\u00e2mbi\u021bi \u0219i \u00ceNCEPE\u021aI DIN NOU.&#8221; \u2013 Tamara Kulish<\/p>\n<p style=\"text-align: justify;\"><em>I came to Ireland in 2000 from Tamaseni, Neamt and from the beginning for me this &#8220;emerald Island&#8221; was and will always feel like home. I joined the RCI team in May 2019 because I believe in people and in their power to change and together we can help one another. We were not born just to make a decent living for ourselves, we were born to achieve something specific, to contribute, and together we can change something in the world and in the consciousness of our fellow humans.<br \/>\n&#8220;Everyday is a new beginning. Take a deep breath, smile, and START AGAIN.&#8221; \u2013 Tamara Kulish<\/em><\/p>\n<div class=\"clear hrule\" style=\"text-align: justify;\"><\/div>\n<h5 style=\"text-align: justify;\"><strong>Cristina M\u00eer\u021b<\/strong><span style=\"color: #000000; font-size: 14px;\"> &#8211;\u00a0Voluntar \u0219i membru al Comitetului Director al RCI<\/span><\/h5>\n<p style=\"text-align: justify;\"><img decoding=\"async\" class=\"alignleft wp-image-4164\" src=\"http:\/\/www.romaniancommunity.net\/rci\/wp-content\/uploads\/2019\/03\/IMG_8581.jpg\" width=\"123\" srcset=\"http:\/\/www.romaniancommunity.net\/rci\/wp-content\/uploads\/2019\/03\/IMG_8581.jpg 783w, http:\/\/www.romaniancommunity.net\/rci\/wp-content\/uploads\/2019\/03\/IMG_8581-258x300.jpg 258w, http:\/\/www.romaniancommunity.net\/rci\/wp-content\/uploads\/2019\/03\/IMG_8581-768x893.jpg 768w\" sizes=\"(max-width: 783px) 100vw, 783px\" \/>M-am nascut in Roman, dar am copilarit pe valea Siretului in satul Adjudeni din Judetul Neamt. In anul 1999, am venit in Irlanda pentru a fi alaturi de sotul meu. Iubesc Irlanda si oamenii de aici; clima nu ma deranjeaza deloc, ba chiar iubesc iernile nu foarte friguroase si verile nu foarte fierbinti. Initial, am venit in Irlanda pentru un an.Dupa 20 de ani, sunt tot aici. Am descoperit voluntariatul in anii copilariei, cand tatal meu a sustinut echipa locala de fotbal din fonduri proprii; in fiecare duminica, era singura activitate pentru tinerii din sat. M-am alaturat echipei RCI in Mai 2017, ma bucur de fiecare clipa petrecuta alaturi de entuziasmul si energia membrilor. Am urmat cursurile de contabilitate si finante la \u201cThe Institute of Commercial Management\u201d (ICM). Actualmente, lucrez ca retail manager in sectorul de turism. Iubesc sa fiu in contact cu persoane diferite, cu povesti si personalitati diferite. I\u2019m a people\u2019s person. Motto: Invata ceva nou in fiecare zi.<\/p>\n<p style=\"text-align: justify;\"><em>I was born in Roman, but I lived in a small village situated in the Valley of the river Siret.\u00a0I came in Ireland in 1999 to follow my spouse. I love Ireland and all the friendly people; the weather doesn\u2019t bother me at all, I actually love Irelands mild winters and cool summers. Initially, I came in Ireland for one year. After 20 years I\u2019m still here.\u00a0I discovered voluntary work in my childhood, my father was looking after the local soccer team. Every Sunday it was the only activity for the young people in the village.\u00a0I\u2019ve joined RCI in May 2017, I\u2019m enjoy every moment spent with the enthusiastic and energetic RCI team.\u00a0I\u2019ve attended \u201cThe Institute of Commercial Management \u201c ICM accounting and finance. Currently I work as a retail manager in the tourism industry. I love being in contact with different people. I\u2019m a people\u2019s person.\u00a0Motto: Learn something new everyday.<\/em><\/p>\n<div class=\"clear hrule\" style=\"text-align: justify;\"><\/div>\n<h5 style=\"text-align: justify;\"><strong>Anamaria-Floarea Purcea<\/strong><span style=\"color: #000000; font-size: 14px;\"> &#8211; Voluntar \u0219i membru al Comitetului Director al RCI<\/span><\/h5>\n<p style=\"text-align: justify;\"><img decoding=\"async\" class=\"alignleft wp-image-4389\" src=\"http:\/\/www.romaniancommunity.net\/rci\/wp-content\/uploads\/2023\/10\/Screenshot_20231009_214926_Gallery.jpg\" alt=\"\" width=\"120\" srcset=\"http:\/\/www.romaniancommunity.net\/rci\/wp-content\/uploads\/2023\/10\/Screenshot_20231009_214926_Gallery.jpg 360w, http:\/\/www.romaniancommunity.net\/rci\/wp-content\/uploads\/2023\/10\/Screenshot_20231009_214926_Gallery-212x300.jpg 212w\" sizes=\"(max-width: 360px) 100vw, 360px\" \/>Sunt o beclenar\u0103 de pe Valea Some\u0219ului Mare (ora\u0219ul Beclean, Bistri\u021ba-N\u0103s\u0103ud) iubitoare de poezie, istorie \u0219i tradi\u021bii! Fiind profesor timp de 20 de ani am \u00eencercat mereu s\u0103 promovez tot ceea ce \u00eenseamn\u0103 valori culturale! Ulterior am terminat o \u0219coal\u0103 de asistent medical generalist, iar \u00een 2021 am venit \u00een Irlanda s\u0103 profesez. La scurt timp am cunoscut echipa RCI (printr-o pur\u0103 \u00eent\u00e2mplare) \u0219i m-am al\u0103turat lor din dorin\u021ba de a face \u00een continuare ceea ce iubesc! Cred cu t\u0103rie c\u0103 \u201dnatura ne aseam\u0103n\u0103, iar educa\u021bia ne deosebe\u0219te!\u201d<\/p>\n<p style=\"text-align: justify;\"><em>I am a Beclean resident from Valea Some\u0219ului Mare (Beclean city, Bistrita-N\u0103s\u0103ud) lover of poetry, history and traditions! Being a teacher for 20 years I always tried to promote everything that means cultural values! I later completed a general nursing school and in 2021 I came to Ireland to practice. I soon met the RCI team (by pure chance) and joined them out of a desire to continue doing what I love! I firmly believe that &#8220;nature makes us alike, and education makes us different!&#8221;<\/em><\/p>\n<div class=\"clear hrule\" style=\"text-align: justify;\"><\/div>\n<h5 style=\"text-align: justify;\"><strong>Codrina \u0218erb\u0103nescu<\/strong><span style=\"color: #000000; font-size: 14px;\"> &#8211; Voluntar \u0219i membru al Comitetului Director al RCI<\/span><\/h5>\n<p style=\"text-align: justify;\"><img decoding=\"async\" class=\"alignleft wp-image-4393\" src=\"http:\/\/www.romaniancommunity.net\/rci\/wp-content\/uploads\/2023\/10\/codrina.png\" alt=\"\" width=\"120\" srcset=\"http:\/\/www.romaniancommunity.net\/rci\/wp-content\/uploads\/2023\/10\/codrina.png 240w, http:\/\/www.romaniancommunity.net\/rci\/wp-content\/uploads\/2023\/10\/codrina-212x300.png 212w\" sizes=\"(max-width: 240px) 100vw, 240px\" \/>Sunt n\u0103scut\u0103 \u00een Bac\u0103u, Rom\u00e2nia, stabilit\u0103 \u00een Irlanda din 2020. Absolvent\u0103 a Facult\u0103\u021bii de Economia Afacerilor, momentan lucr\u00e2nd ca legal secretary la o firm\u0103 de avocatur\u0103 din Dublin. Pentru mine a fi voluntar \u00eenseamn\u0103 a d\u0103rui, iar a da ceva \u00eenapoi comunit\u0103\u0163ii \u00een care tr\u0103ie\u015fti este o experien\u0163\u0103 de neegalat. Din acest motiv m-am al\u0103turat minunatei echipe RCI \u00een anul 2021, dar \u0219i din dorin\u021ba de a cunoa\u0219te oameni noi, cu interese similare.<\/p>\n<p style=\"text-align: justify;\"><em>Codrina \u0218erb\u0103nescu, born in Bac\u0103u, Romania, settled in Ireland since 2020. Graduated from the Faculty of Business Economics, currently working as a legal secretary at a law firm in Dublin. For me, being a volunteer means giving, and giving something back to the community you live in is an unparalleled experience. For this reason I joined the wonderful RCI team in 2021, but also because of the desire to meet new people with similar interests.<\/em><\/p>\n<div class=\"clear hrule\" style=\"text-align: justify;\"><\/div>\n<h4><strong>Colaboratori si fo\u0219ti voluntari ai echipei RCI<\/strong><\/h4>\n<h5 style=\"text-align: justify;\"><strong>Daniela Jurj<\/strong><span style=\"color: #000000; font-size: 14px;\"> &#8211; A de\u021binut func\u021bia de pre\u015fedinte al Comitetului Director al RCI<\/span><\/h5>\n<p style=\"text-align: justify;\"><img loading=\"lazy\" decoding=\"async\" class=\"alignleft wp-image-822\" src=\"http:\/\/www.romaniancommunity.net\/rci\/wp-content\/uploads\/2015\/04\/DanielaJurj.jpg\" width=\"120\" height=\"150\" \/>Daniela a fost membru al Comitetului Director RCI din 2007 \u0219i vicepre\u0219edinte al organiza\u021biei din anul 2016. Locuie\u0219te \u00een Irlanda din 2001 \u0219i este o veritabil\u0103 b\u0103n\u0103\u021beanc\u0103 din Lugoj, jude\u021bul Timi\u0219. Daniela este coordonator na\u021bional pentru NCP Migrant Family Support Service, un serviciu care ofer\u0103 informa\u021bii \u0219i sprijin familiilor cu privire la protec\u021bia copilului pe teritoriul Irlandei. De asemenea, Daniela este implicat\u0103, ca Freelance Event Manager, \u00een organizarea multor festivaluri \u0219i evenimente culturale locale \u0219i na\u021bionale. \u00cen timpul liber Daniela contribuie la diferite proiecte de caritate, locale \u0219i interna\u021bionale, din sectorul comunitar, cum ar fi voluntariatul pentru ISPCC (Irish Society for Prevention of Cruelty to Children) din 2004. Etosul profesional al Danielei este acela de a inspira \u00eencredere \u0219i de a-i motiva pe cei din jurul ei s\u0103 \u00ee\u0219i ating\u0103 poten\u021bialul. Pe l\u00e2ng\u0103 pasiunea pentru voluntariat, Daniela mai declar\u0103 c\u0103 este fan impatimit al rugby-ului irlandez \u0219i interna\u021bional, membru al unui cor amator \u0219i fidel participant la festivalurile de film. A de\u021binut func\u021biile de pre\u0219edinte \u00een 2014\/2015 \u0219i de vicepre\u0219edinte \u00een 2016.<\/p>\n<p style=\"text-align: justify;\"><em><span style=\"line-height: 1.5em;\">Daniela was a Board member of RCI since 2007 and the Vicepresident of the organization since 2016. She is living in Ireland since 2001, proudly coming from Western Romania. <\/span><span style=\"line-height: 1.5em;\">Daniela is the National Coordinator of the NCP Migrant Family Support Service. She is working closely to support and advocate for migrant parents experiencing child protection interventions. She is also a dedicated freelance Event Manager, having been involved in organizing a series of festivals, cultural and corporate events. In her spare time, Daniela is involved in a number of charity projects, locally and internationally in the voluntary and community initiative arena. As such she has vast experience volunteering for the ISPCC (Irish Society for Prevention of Cruelty to Children) since 2004. Building confidence and capacity in those around her is the core of Daniela\u2019s work ethos. <\/span><span style=\"line-height: 1.5em;\">Apart from the charity and the community work, Daniela is a follower of Irish and international rugby, keen choral music singer and a (not so secret) film festivals enthusiast. Daniela was Chair of the Board in 2014\/2015 and vice-president between 2016.<\/span><\/em><\/p>\n<div class=\"clear hrule\" style=\"text-align: justify;\"><\/div>\n<h5><strong>George Br\u0103tulescu<\/strong><span style=\"color: #000000; font-size: 14px;\"> &#8211; A de\u021binut func\u021bia de pre\u015fedinte\u00a0al Comitetului Director al RCI<\/span><\/h5>\n<p style=\"text-align: justify;\"><img loading=\"lazy\" decoding=\"async\" class=\"alignleft wp-image-825\" src=\"http:\/\/www.romaniancommunity.net\/rci\/wp-content\/uploads\/2015\/04\/GeorgeBratulescu.jpg\" width=\"120\" height=\"150\" \/>George este membru al Comitetului Director RCI din 2014 \u0219i Pre\u015fedinte\u00a0al organiza\u021biei de la 1 iunie 2016. Este prahovean la origine, \u00eens\u0103 continuarea studiilor \u0219i apoi cariera profesional\u0103 l-au determinat s\u0103 devin\u0103 bucure\u0219tean. \u00cen toamna lui 2013 a hot\u0103r\u00e2t s\u0103 dea un \u201crestart\u201d vie\u021bii sale \u0219i a p\u0103r\u0103sit Rom\u00e2nia cu destina\u021bia Irlanda. Cu un Master \u00een Comunicare \u0219i Rela\u021bii Publice \u0219i licen\u021biat \u00een Management Turistic \u0219i Comercial, George a acumulat o bogat\u0103 experien\u021b\u0103 \u00een marketing, management, comunicare social\u0103 \u0219i organiza\u021bional\u0103. Se descrie ca fiind o \u201cBalan\u021b\u0103\u201d autentic\u0103, cu un acut spirit justi\u021biar de dreptate \u0219i corectitudine \u0219i continuu \u00eensetat de cunoa\u0219tere. George este membru activ al Romanian Community of Ireland din prim\u0103vara anului 2014 \u0219i \u00ee\u0219i dore\u0219te s\u0103 aduc\u0103 un plus de valoare \u0219i contribu\u021bie la eforturile organiza\u021biei, de promovare a valorilor culturale \u0219i tradi\u021bionale rom\u00e2ne\u0219ti.<\/p>\n<p style=\"text-align: justify;\"><em>George <span style=\"line-height: 1.5em;\">is a Board member of RCI since 2014 and the Chairman of the organization since June 2016. He\u00a0<\/span>is originally from Prahova, Romania, but later he had to move to Bucharest to continue his studies and professional carrier. In autumn of 2013 he decided to leave Romania for Ireland for a new \u201cre-start\u201d. George has Master degree in Communications and Public Relations, diploma in Tourist and Commercial Management, which made him get a vast experience in marketing, management, social and organisational communications. He describes himself as an authentic \u201cLibra\u201d with spirit of Justice, fairness and trustworthy and has ongoing thirst for knowledge and personal development. George is a member of Romanian Community of Ireland since spring of 2014 and he wishes to contribute to the efforts of organization to promote Romanian cultural and traditional values.<\/em><\/p>\n<div class=\"clear hrule\" style=\"text-align: justify;\">\n<h5 style=\"text-align: justify;\"><strong>Mari Preda<\/strong><span style=\"color: #000000; font-size: 14px;\"> \u2013 <\/span><span style=\"color: #000000; font-size: 14px;\">A de\u021binut func\u021bia de pre\u015fedinte\u00a0al Comitetului Director al RCI<\/span><\/h5>\n<p style=\"text-align: justify;\"><img loading=\"lazy\" decoding=\"async\" class=\"wp-image-3356 alignleft\" src=\"http:\/\/www.romaniancommunity.net\/rci\/wp-content\/uploads\/2015\/04\/Profil-1.jpg\" width=\"117\" height=\"176\" srcset=\"http:\/\/www.romaniancommunity.net\/rci\/wp-content\/uploads\/2015\/04\/Profil-1.jpg 640w, http:\/\/www.romaniancommunity.net\/rci\/wp-content\/uploads\/2015\/04\/Profil-1-200x300.jpg 200w\" sizes=\"auto, (max-width: 117px) 100vw, 117px\" \/><\/p>\n<p style=\"text-align: justify;\">M-am n\u0103scut \u015fi am crescut la poalele T\u00e2mpei, \u00een frumosul ora\u0219 Bra\u0219ov. In anul 2000 am decis s\u0103 vin \u00een Irlanda pentru un trai mai bun. Am descoperit voluntariatul \u00een anii adolescen\u0163ei c\u00e2nd am \u00eenceput s\u0103 lucrez cu copiii din orfelinate sau din familii mai pu\u021bin \u00eenst\u0103rite. Am descoperit organiza\u021bia Romanian Community of Ireland dup\u0103 mul\u021bi ani \u015fi \u00een acela\u0219i timp am v\u0103zut nevoia tot mai mare de a ajuta comunitatea noastr\u0103 din Irlanda. C\u0103ldura \u015fi entuziasmul acestor oameni frumo\u0219i m-au \u201eatras\u201d, astfel al\u0103tur\u00e2ndu-m\u0103 echipei \u00een Iunie 2016. A de\u021binut \u0219i func\u021bia de vicepre\u0219edinte \u00een perioada 2017 &#8211; 2018.<\/p>\n<p style=\"text-align: justify;\"><em>I was born and raised in the beautiful town Brasov which is situated at the bottom of T\u00e2mpa Mountain. In 2000 I decided to move to Ireland, for a better life. I discovered volunteering during teenage years when I started working with children in orphanages and less fortunate families. After many years, I discovered Romanian Community of Ireland and the increasing need of helping our community in Ireland. The warmth and enthusiasm of these beautiful people \u201cfascinated\u201d me; therefore I joined the team in June 2016. Mari was vice-president between 2017- 2018.<\/em><\/p>\n<h5 style=\"text-align: justify;\"><\/h5>\n<\/div>\n<h5 style=\"text-align: justify;\"><strong>Rare\u0219-Mihai Nicula<\/strong><span style=\"color: #000000; font-size: 14px;\"> &#8211; A de\u021binut func\u021bia de pre\u015fedinte\u00a0al Comitetului Director al RCI<\/span><\/h5>\n<p style=\"text-align: justify;\"><img loading=\"lazy\" decoding=\"async\" class=\"alignleft wp-image-820\" src=\"http:\/\/www.romaniancommunity.net\/rci\/wp-content\/uploads\/2015\/04\/RaresNicula.jpg\" width=\"120\" height=\"150\" \/>Originar din Bistri\u021ba, Transilvania, Rare\u0219 este absolvent al Facult\u0103\u021bii de Istorie \u0219i Filosofie a Universit\u0103\u021bii Babe\u0219-Bolyai \u0219i Doctor \u00een Sociologia Rela\u021biilor Interna\u021bionale la Universitatea din Trieste. Printre ariile de cercetare care i-au acaparat aten\u021bia se num\u0103r\u0103 sociologia migra\u021biei, diploma\u021bia \u0219i sistemele politice. Rare\u0219 este un iubitor al muzicii folk \u0219i c\u00e2nt\u0103 la chitar\u0103. Locuie\u0219te \u00een Irlanda din 2007 \u0219i este membru al echipei RCI din anul 2013.<\/p>\n<p style=\"text-align: justify;\"><em>Originally from Bistrita, in the heart of Transylvania, Rares was awarded a Hon. BA at Babes Bolyai University and a PhD degree in Sociology in International Relations at the University of Trieste, Italy. Among his research interests are sociology of migrations, diplomacy and political systems. Rares is also a folk music lover and plays guitar. He has been living in Ireland since 2007 and decided to join the RCI team in 2013.<\/em><\/p>\n<div class=\"clear hrule\" style=\"text-align: justify;\"><\/div>\n<h5 style=\"text-align: justify;\"><strong>Emanuel Silaghi<\/strong><span style=\"color: #000000; font-size: 14px;\"> &#8211;\u00a0A de\u021binut func\u021bia de pre\u015fedinte\u00a0al Comitetului Director al RCI<\/span><\/h5>\n<p style=\"text-align: justify;\"><img loading=\"lazy\" decoding=\"async\" class=\"alignleft wp-image-3944\" src=\"http:\/\/www.romaniancommunity.net\/rci\/wp-content\/uploads\/2019\/01\/197A0548-969x1024.jpg\" width=\"144\" height=\"152\" srcset=\"http:\/\/www.romaniancommunity.net\/rci\/wp-content\/uploads\/2019\/01\/197A0548-969x1024.jpg 969w, http:\/\/www.romaniancommunity.net\/rci\/wp-content\/uploads\/2019\/01\/197A0548-284x300.jpg 284w, http:\/\/www.romaniancommunity.net\/rci\/wp-content\/uploads\/2019\/01\/197A0548-768x811.jpg 768w, http:\/\/www.romaniancommunity.net\/rci\/wp-content\/uploads\/2019\/01\/197A0548.jpg 1223w\" sizes=\"auto, (max-width: 144px) 100vw, 144px\" \/>Emanuel Silaghi vine din Oradea, Jud. Bihor unde a crescut alaturi de o mama si inca un frate. Nici bine dupa terminarea liceului, din pasiune pentru arta si dorinta de a-si pune imaginatia in actiune, studiaza timp de trei ani, Jurnalism. Provocat fiind de circumstantele vietii, alaturi de sotia lui se muta pentru o scurta perioada in Austria iar mai apoi dupa o alta perioada de timp isi incepe o noua fila din viata lor in Germania. Aici fara nici un studiu de limba germana, accepta provocarea de a studia o noua meserie, aceea de Asistent Medical, pentru ai ajuta pe oamenii in varsta si pe cei in nevoi. Timp de trei ani si-a dedicat energia si cunostintele pentru a reda o speranta oamenilor in comunitatea nemteasca. Dar pentru ca ii place sa traiasca viata, sa creeze emotii si amintiri, impreuna cu sotia lui Manuela Silaghi continua sa poposeasca in cele din urma si in Irlanda. Stabilit de la inceputul luni Iunie 2017 reuseste sa se integreze atat in comunitatea Romanieasca cat si in cea Irlandeza prin faptul ca se alatura echipei RCI ca si voluntar. In momentul de fata este angajat al companiei Accenture din Dublin (Data Management Operation) si noul director al Comunitatii Romanilor din Irlanda (RCI).<\/p>\n<p style=\"text-align: justify;\"><em>Emanuel Silaghi comes from Oradea, County Bihor where he grew up with his mother and another brother. As soon as he finished high-school, out of passion for art and desire to practice his imagination, he studied Journalism for 3 years. Challenged by the circumstances of live, together with his wife, he moved for a short period of time to Austria and then continued another page of their life in Germany. Here, without any knowledge of German language, he accepted a new challenge: to study for Medical Nurse, in order to help the elderly and the ones in need. For three years, he dedicated his energy and knowledge in order to bring some hope to the people in the German community. However, because he loves to live life to the full, to create emotions and memories, together with his wife Manuela Silaghi, goes on and decides to live in Ireland. Arriving at the beginning of the month of June 2017, he succeeds to settle both in the Romanian community and the Irish community by joining the RCI team as a volunteer.\u00a0At present, he is employed by Accenture in Dublin (Data Management Operation) and he is the Chairman of the Romanian Community of Ireland (RCI).<\/em><\/p>\n<div class=\"clear hrule\" style=\"text-align: justify;\">\n<h5 style=\"text-align: justify;\"><strong>Daniela Kocis Fitzgerald<\/strong><span style=\"color: #000000; font-size: 14px;\"> &#8211; <\/span><span style=\"color: #000000; font-size: 14px;\">A fost voluntar \u0219i membru al Comitetului Director al RCI<\/span><\/h5>\n<p style=\"text-align: justify;\"><img decoding=\"async\" class=\"alignleft wp-image-4300\" src=\"http:\/\/www.romaniancommunity.net\/rci\/wp-content\/uploads\/2019\/11\/crop-daniela-k.jpg\" alt=\"\" width=\"120\" \/>Daniela este o Ardeleanca din Judetul Alba si este in Irlanda din 2009, unde locuieste alaturi de familia ei. S-a alaturat RCI in vara anului 2019, dupa un an in Comitetul Director al Citizens Information unde a activat ca si voluntar. Daniela este Consultant Resurse umane si legislatia muncii si este pasionata de consiliere si dezvoltare profesionala, in special a femeilor. Citatul preferat al Danielei vine de la Emily Taft Douglas &#8220;Dac\u0103 femeile ar \u00een\u021belege \u0219i \u0219i-ar exercita puterea, ar putea reface lumea.&#8221;<\/p>\n<p style=\"text-align: justify;\"><em>Daniela is from Transylvania, county Alba and has been in Ireland since 2009, where she lives with her family. She joined RCI in the summer of 2019, after serving as a volunteer Director on the Board of Citizens Information. Daniela is a Human Resources and Employment Law Consultant and is passionate about career coaching and professional development, especially for women. Her favorite quote comes from Emily Taft Douglas &#8221; If women understood and exercised their power they could remake the world.&#8221;<\/em><\/p>\n<\/div>\n<div class=\"clear hrule\" style=\"text-align: justify;\"><\/div>\n<h5 style=\"text-align: justify;\"><strong>Anita Dumitrache <\/strong><span style=\"color: #000000; font-size: 14px;\"> \u2013 A de\u021binut func\u021bia de secretar al Comitetului Director al RCI<\/span><\/h5>\n<p style=\"text-align: justify;\"><img loading=\"lazy\" decoding=\"async\" class=\"alignleft wp-image-820\" src=\"http:\/\/www.romaniancommunity.net\/rci\/wp-content\/uploads\/2015\/04\/AnaMariaDumitrache.jpg\" width=\"120\" height=\"150\" \/>Anita este din Bucure\u0219ti, dar se simte gorjeanc\u0103 prin bunici. A absolvit Facultatea de \u0218tiin\u021be Politice din cadrul Universit\u0103\u021bii Bucure\u0219ti \u0219i studii de masterat \u00een domeniul fondurilor europene \u00een cadrul Academiei de Studii Economice. A descoperit voluntariatul \u00een timpul studen\u021biei \u0219i consider\u0103 c\u0103 \u00een Rom\u00e2nia voluntariatul trebuie promovat la acela\u0219i nivel ca \u00een Irlanda. Entuziasmul \u0219i profesionalismul membrilor RCI, dar \u0219i dorin\u021ba de fi \u00een mijlocul comunit\u0103\u021bii rom\u00e2ne\u0219ti au determinat-o s\u0103 se al\u0103ture echipei RCI \u00een anul 2015.<\/p>\n<p style=\"text-align: justify;\"><em>Anita is from Bucharest, but she spent her childhood in Gorj with her grandparents. She graduated Political Science from the University of Bucharest and Master studies in the field of structural funds management from the University of Economic Studies. She has started volunteering as a student and believes that in Romania volunteering should be promoted at the same level as in Ireland. The enthusiasm and professionalism of RCI members and the strong desire to be among Romanians led her to join the RCI team in 2015.<\/em><\/p>\n","protected":false},"excerpt":{"rendered":"<p>Rodica Apopei &#8211;\u00a0Pre\u0219edintele Comitetului Director al RCI Rodica este originara din Piatra-Neamt si locuieste impreuna cu familia in Irlanda de peste 29 de ani. Face munc\u0103 voluntar\u0103 chiar din primii [&hellip;]<\/p>\n","protected":false},"author":7,"featured_media":0,"parent":88,"menu_order":0,"comment_status":"closed","ping_status":"closed","template":"","meta":{"footnotes":""},"class_list":["post-94","page","type-page","status-publish","hentry"],"yoast_head":"<!-- This site is optimized with the Yoast SEO plugin v27.5 - https:\/\/yoast.com\/product\/yoast-seo-wordpress\/ -->\n<title>Echipa RCI 2022-2025 - Romanian Community of Ireland<\/title>\n<meta name=\"description\" content=\"Echipa RCI\" \/>\n<meta name=\"robots\" content=\"index, follow, max-snippet:-1, max-image-preview:large, max-video-preview:-1\" \/>\n<link rel=\"canonical\" href=\"https:\/\/www.romaniancommunity.net\/rci\/despre-noi\/echipa\/\" \/>\n<meta property=\"og:locale\" content=\"en_US\" \/>\n<meta property=\"og:type\" content=\"article\" \/>\n<meta property=\"og:title\" content=\"Echipa RCI 2022-2025 - Romanian Community of Ireland\" \/>\n<meta property=\"og:description\" content=\"Echipa RCI\" \/>\n<meta property=\"og:url\" content=\"https:\/\/www.romaniancommunity.net\/rci\/despre-noi\/echipa\/\" \/>\n<meta property=\"og:site_name\" content=\"Romanian Community of Ireland\" \/>\n<meta property=\"article:publisher\" content=\"https:\/\/www.facebook.com\/RomanianCommunityOfIreland\/\" \/>\n<meta property=\"article:modified_time\" content=\"2025-04-08T15:30:19+00:00\" \/>\n<meta property=\"og:image\" content=\"http:\/\/www.romaniancommunity.net\/rci\/wp-content\/uploads\/2019\/09\/71065889_517145665729938_8425412296313929728_n-Copy-1.jpg\" \/>\n<meta name=\"twitter:card\" content=\"summary_large_image\" \/>\n<meta name=\"twitter:label1\" content=\"Est. reading time\" \/>\n\t<meta name=\"twitter:data1\" content=\"19 minutes\" \/>\n<script type=\"application\/ld+json\" class=\"yoast-schema-graph\">{\"@context\":\"https:\\\/\\\/schema.org\",\"@graph\":[{\"@type\":\"WebPage\",\"@id\":\"https:\\\/\\\/www.romaniancommunity.net\\\/rci\\\/despre-noi\\\/echipa\\\/\",\"url\":\"https:\\\/\\\/www.romaniancommunity.net\\\/rci\\\/despre-noi\\\/echipa\\\/\",\"name\":\"Echipa RCI 2022-2025 - Romanian Community of Ireland\",\"isPartOf\":{\"@id\":\"http:\\\/\\\/www.romaniancommunity.net\\\/rci\\\/#website\"},\"primaryImageOfPage\":{\"@id\":\"https:\\\/\\\/www.romaniancommunity.net\\\/rci\\\/despre-noi\\\/echipa\\\/#primaryimage\"},\"image\":{\"@id\":\"https:\\\/\\\/www.romaniancommunity.net\\\/rci\\\/despre-noi\\\/echipa\\\/#primaryimage\"},\"thumbnailUrl\":\"http:\\\/\\\/www.romaniancommunity.net\\\/rci\\\/wp-content\\\/uploads\\\/2019\\\/09\\\/71065889_517145665729938_8425412296313929728_n-Copy-1.jpg\",\"datePublished\":\"2015-04-16T10:30:50+00:00\",\"dateModified\":\"2025-04-08T15:30:19+00:00\",\"description\":\"Echipa RCI\",\"breadcrumb\":{\"@id\":\"https:\\\/\\\/www.romaniancommunity.net\\\/rci\\\/despre-noi\\\/echipa\\\/#breadcrumb\"},\"inLanguage\":\"en-US\",\"potentialAction\":[{\"@type\":\"ReadAction\",\"target\":[\"https:\\\/\\\/www.romaniancommunity.net\\\/rci\\\/despre-noi\\\/echipa\\\/\"]}]},{\"@type\":\"ImageObject\",\"inLanguage\":\"en-US\",\"@id\":\"https:\\\/\\\/www.romaniancommunity.net\\\/rci\\\/despre-noi\\\/echipa\\\/#primaryimage\",\"url\":\"http:\\\/\\\/www.romaniancommunity.net\\\/rci\\\/wp-content\\\/uploads\\\/2019\\\/09\\\/71065889_517145665729938_8425412296313929728_n-Copy-1.jpg\",\"contentUrl\":\"http:\\\/\\\/www.romaniancommunity.net\\\/rci\\\/wp-content\\\/uploads\\\/2019\\\/09\\\/71065889_517145665729938_8425412296313929728_n-Copy-1.jpg\",\"width\":275,\"height\":340},{\"@type\":\"BreadcrumbList\",\"@id\":\"https:\\\/\\\/www.romaniancommunity.net\\\/rci\\\/despre-noi\\\/echipa\\\/#breadcrumb\",\"itemListElement\":[{\"@type\":\"ListItem\",\"position\":1,\"name\":\"Home\",\"item\":\"http:\\\/\\\/www.romaniancommunity.net\\\/rci\\\/\"},{\"@type\":\"ListItem\",\"position\":2,\"name\":\"DESPRE NOI\",\"item\":\"http:\\\/\\\/www.romaniancommunity.net\\\/rci\\\/despre-noi\\\/\"},{\"@type\":\"ListItem\",\"position\":3,\"name\":\"Echipa RCI 2022-2025\"}]},{\"@type\":\"WebSite\",\"@id\":\"http:\\\/\\\/www.romaniancommunity.net\\\/rci\\\/#website\",\"url\":\"http:\\\/\\\/www.romaniancommunity.net\\\/rci\\\/\",\"name\":\"Romanian Community of Ireland\",\"description\":\"Comunitatea Rom\u00e2nilor din Irlanda\",\"potentialAction\":[{\"@type\":\"SearchAction\",\"target\":{\"@type\":\"EntryPoint\",\"urlTemplate\":\"http:\\\/\\\/www.romaniancommunity.net\\\/rci\\\/?s={search_term_string}\"},\"query-input\":{\"@type\":\"PropertyValueSpecification\",\"valueRequired\":true,\"valueName\":\"search_term_string\"}}],\"inLanguage\":\"en-US\"}]}<\/script>\n<!-- \/ Yoast SEO plugin. -->","yoast_head_json":{"title":"Echipa RCI 2022-2025 - Romanian Community of Ireland","description":"Echipa RCI","robots":{"index":"index","follow":"follow","max-snippet":"max-snippet:-1","max-image-preview":"max-image-preview:large","max-video-preview":"max-video-preview:-1"},"canonical":"https:\/\/www.romaniancommunity.net\/rci\/despre-noi\/echipa\/","og_locale":"en_US","og_type":"article","og_title":"Echipa RCI 2022-2025 - Romanian Community of Ireland","og_description":"Echipa RCI","og_url":"https:\/\/www.romaniancommunity.net\/rci\/despre-noi\/echipa\/","og_site_name":"Romanian Community of Ireland","article_publisher":"https:\/\/www.facebook.com\/RomanianCommunityOfIreland\/","article_modified_time":"2025-04-08T15:30:19+00:00","og_image":[{"url":"http:\/\/www.romaniancommunity.net\/rci\/wp-content\/uploads\/2019\/09\/71065889_517145665729938_8425412296313929728_n-Copy-1.jpg","type":"","width":"","height":""}],"twitter_card":"summary_large_image","twitter_misc":{"Est. reading time":"19 minutes"},"schema":{"@context":"https:\/\/schema.org","@graph":[{"@type":"WebPage","@id":"https:\/\/www.romaniancommunity.net\/rci\/despre-noi\/echipa\/","url":"https:\/\/www.romaniancommunity.net\/rci\/despre-noi\/echipa\/","name":"Echipa RCI 2022-2025 - Romanian Community of Ireland","isPartOf":{"@id":"http:\/\/www.romaniancommunity.net\/rci\/#website"},"primaryImageOfPage":{"@id":"https:\/\/www.romaniancommunity.net\/rci\/despre-noi\/echipa\/#primaryimage"},"image":{"@id":"https:\/\/www.romaniancommunity.net\/rci\/despre-noi\/echipa\/#primaryimage"},"thumbnailUrl":"http:\/\/www.romaniancommunity.net\/rci\/wp-content\/uploads\/2019\/09\/71065889_517145665729938_8425412296313929728_n-Copy-1.jpg","datePublished":"2015-04-16T10:30:50+00:00","dateModified":"2025-04-08T15:30:19+00:00","description":"Echipa RCI","breadcrumb":{"@id":"https:\/\/www.romaniancommunity.net\/rci\/despre-noi\/echipa\/#breadcrumb"},"inLanguage":"en-US","potentialAction":[{"@type":"ReadAction","target":["https:\/\/www.romaniancommunity.net\/rci\/despre-noi\/echipa\/"]}]},{"@type":"ImageObject","inLanguage":"en-US","@id":"https:\/\/www.romaniancommunity.net\/rci\/despre-noi\/echipa\/#primaryimage","url":"http:\/\/www.romaniancommunity.net\/rci\/wp-content\/uploads\/2019\/09\/71065889_517145665729938_8425412296313929728_n-Copy-1.jpg","contentUrl":"http:\/\/www.romaniancommunity.net\/rci\/wp-content\/uploads\/2019\/09\/71065889_517145665729938_8425412296313929728_n-Copy-1.jpg","width":275,"height":340},{"@type":"BreadcrumbList","@id":"https:\/\/www.romaniancommunity.net\/rci\/despre-noi\/echipa\/#breadcrumb","itemListElement":[{"@type":"ListItem","position":1,"name":"Home","item":"http:\/\/www.romaniancommunity.net\/rci\/"},{"@type":"ListItem","position":2,"name":"DESPRE NOI","item":"http:\/\/www.romaniancommunity.net\/rci\/despre-noi\/"},{"@type":"ListItem","position":3,"name":"Echipa RCI 2022-2025"}]},{"@type":"WebSite","@id":"http:\/\/www.romaniancommunity.net\/rci\/#website","url":"http:\/\/www.romaniancommunity.net\/rci\/","name":"Romanian Community of Ireland","description":"Comunitatea Rom\u00e2nilor din Irlanda","potentialAction":[{"@type":"SearchAction","target":{"@type":"EntryPoint","urlTemplate":"http:\/\/www.romaniancommunity.net\/rci\/?s={search_term_string}"},"query-input":{"@type":"PropertyValueSpecification","valueRequired":true,"valueName":"search_term_string"}}],"inLanguage":"en-US"}]}},"_links":{"self":[{"href":"http:\/\/www.romaniancommunity.net\/rci\/wp-json\/wp\/v2\/pages\/94","targetHints":{"allow":["GET"]}}],"collection":[{"href":"http:\/\/www.romaniancommunity.net\/rci\/wp-json\/wp\/v2\/pages"}],"about":[{"href":"http:\/\/www.romaniancommunity.net\/rci\/wp-json\/wp\/v2\/types\/page"}],"author":[{"embeddable":true,"href":"http:\/\/www.romaniancommunity.net\/rci\/wp-json\/wp\/v2\/users\/7"}],"replies":[{"embeddable":true,"href":"http:\/\/www.romaniancommunity.net\/rci\/wp-json\/wp\/v2\/comments?post=94"}],"version-history":[{"count":88,"href":"http:\/\/www.romaniancommunity.net\/rci\/wp-json\/wp\/v2\/pages\/94\/revisions"}],"predecessor-version":[{"id":4462,"href":"http:\/\/www.romaniancommunity.net\/rci\/wp-json\/wp\/v2\/pages\/94\/revisions\/4462"}],"up":[{"embeddable":true,"href":"http:\/\/www.romaniancommunity.net\/rci\/wp-json\/wp\/v2\/pages\/88"}],"wp:attachment":[{"href":"http:\/\/www.romaniancommunity.net\/rci\/wp-json\/wp\/v2\/media?parent=94"}],"curies":[{"name":"wp","href":"https:\/\/api.w.org\/{rel}","templated":true}]}}