{"id":4378,"date":"2022-11-25T21:59:58","date_gmt":"2022-11-25T21:59:58","guid":{"rendered":"https:\/\/www.romaniancommunity.net\/rci\/?page_id=4378"},"modified":"2022-11-25T21:59:58","modified_gmt":"2022-11-25T21:59:58","slug":"retrospectiva-2021","status":"publish","type":"page","link":"http:\/\/www.romaniancommunity.net\/rci\/retrospectiva-2021\/","title":{"rendered":"Retrospectiva 2021"},"content":{"rendered":"<h2><\/h2>\n<h2><strong>Ziua Na\u021bional\u0103 a Rom\u00e2niei, 5 decembrie 2021 &#8211; ANULAT<\/strong><\/h2>\n<p><img decoding=\"async\" src=\"http:\/\/www.romaniancommunity.net\/rci\/wp-content\/uploads\/2021\/12\/RCI_ZN_2021_anulat.jpg\" alt=\"\" width=\"429\" class=\"alignleft size-full wp-image-4373\" srcset=\"http:\/\/www.romaniancommunity.net\/rci\/wp-content\/uploads\/2021\/12\/RCI_ZN_2021_anulat.jpg 645w, http:\/\/www.romaniancommunity.net\/rci\/wp-content\/uploads\/2021\/12\/RCI_ZN_2021_anulat-212x300.jpg 212w\" sizes=\"(max-width: 645px) 100vw, 645px\" \/><\/p>\n<p style=\"text-align: justify;\">RCI v\u0103 invit\u0103 s\u0103 petrecem rom\u00e2ne\u0219te Ziua Na\u021bional\u0103 a Rom\u00e2niei!<\/p>\n<p style=\"text-align: justify;\">V\u0103 a\u0219tept\u0103m cu drag pe data de 5 Decembrie, \u00eencep\u00e2nd cu ora 17.00 la Carlton Hotel Blanchardstown (\u020bn Tyrrelstown), \u00eentr-o atmosfer\u0103 elegant\u0103 \u015fi primitoare. Ce prilej mai bun s\u0103 ne bucur\u0103m de muzic\u0103 interpretat\u0103 de arti\u0219ti \u00eendr\u0103gi\u021bi: Ani\u0219oara Bobeic\u0103, Mihaela Balasca \u015fi DJ Anatol Bagrin. Vom avea surprize \u015fi mult\u0103 voie bun\u0103. To\u021bi cei cu inima rom\u00e2n\u0103, s\u0103 s\u0103rb\u0103torim \u00eempreun\u0103 \u015fi s\u0103 p\u0103str\u0103m vii tradi\u021biile \u015fi obiceiurile rom\u00e2ne\u0219ti.<\/p>\n<p style=\"text-align: justify;\">Mul\u021bumim sponsorilor no\u0219tri pentru sus\u021binere:<br \/>\n<a href=\"https:\/\/www.facebook.com\/SolicitorsOfficePersonalInjury\">Murray Flynn Solicitors<\/a><br \/>\n<a href=\"https:\/\/www.facebook.com\/Alfa-Medics-142550639722878\">Alfa Medics<\/a><br \/>\n<a href=\"https:\/\/www.facebook.com\/ekonceptie\">E-Koncept<\/a><br \/>\nT&#038;C Structures<br \/>\n<a href=\"https:\/\/www.facebook.com\/AlexAutoservice.ie\">Alex Autoservice<\/a><br \/>\n<a href=\"https:\/\/www.facebook.com\/www.romanianstore.ie\">Romanian Online Store<\/a><\/p>\n<p style=\"text-align: justify;\">V\u0103 a\u0219tept\u0103m la o sear\u0103 de excep\u021bie, marca RCI!<\/p>\n<p>Biletele sunt disponibile pe <a href=\"https:\/\/www.eventbrite.ie\/e\/ziua-nationala-a-romaniei-2021-tickets-203035944977?aff=ebdssbdestsearch\">Eventbrite<\/a><\/p>\n<p style=\"text-align: justify;\">*** Intrarea se va face exclusiv pe baz\u0103 de certificat electronic de vaccinare\/recuperare de boal\u0103, verificat la intrare, \u020bn conformitate cu m\u0103surile Covid-19 \u020bn vigoare, la data respectiv\u0103.<br \/>\n*** Pre\u021b bilet 47 de euro, include cina \u015fi programul artistic. Biletul se cump\u0103r\u0103 exclusiv pe Eventbrite \u020bn conformitate cu m\u0103surile Covid 19.<br \/>\n*** V\u00e2rsta minim\u0103 a copiilor: este permis\u0103 participarea copiilor cu v\u00e2rsta peste 7 ani, \u020bn baza unui bilet achizi\u021bionat.<\/p>\n<h2>&nbsp;<\/h2>\n","protected":false},"excerpt":{"rendered":"<p>Ziua Na\u021bional\u0103 a Rom\u00e2niei, 5 decembrie 2021 &#8211; ANULAT RCI v\u0103 invit\u0103 s\u0103 petrecem rom\u00e2ne\u0219te Ziua Na\u021bional\u0103 a Rom\u00e2niei! V\u0103 a\u0219tept\u0103m cu drag pe data de 5 Decembrie, \u00eencep\u00e2nd cu [&hellip;]<\/p>\n","protected":false},"author":5,"featured_media":0,"parent":0,"menu_order":0,"comment_status":"closed","ping_status":"closed","template":"","meta":{"footnotes":""},"class_list":["post-4378","page","type-page","status-publish","hentry"],"yoast_head":"<!-- This site is optimized with the Yoast SEO plugin v27.5 - https:\/\/yoast.com\/product\/yoast-seo-wordpress\/ -->\n<title>Retrospectiva 2021 - Romanian Community of Ireland<\/title>\n<meta name=\"robots\" content=\"index, follow, max-snippet:-1, max-image-preview:large, max-video-preview:-1\" \/>\n<link rel=\"canonical\" href=\"http:\/\/www.romaniancommunity.net\/rci\/retrospectiva-2021\/\" \/>\n<meta property=\"og:locale\" content=\"en_US\" \/>\n<meta property=\"og:type\" content=\"article\" \/>\n<meta property=\"og:title\" content=\"Retrospectiva 2021 - Romanian Community of Ireland\" \/>\n<meta property=\"og:description\" content=\"Ziua Na\u021bional\u0103 a Rom\u00e2niei, 5 decembrie 2021 &#8211; ANULAT RCI v\u0103 invit\u0103 s\u0103 petrecem rom\u00e2ne\u0219te Ziua Na\u021bional\u0103 a Rom\u00e2niei! V\u0103 a\u0219tept\u0103m cu drag pe data de 5 Decembrie, \u00eencep\u00e2nd cu [&hellip;]\" \/>\n<meta property=\"og:url\" content=\"http:\/\/www.romaniancommunity.net\/rci\/retrospectiva-2021\/\" \/>\n<meta property=\"og:site_name\" content=\"Romanian Community of Ireland\" \/>\n<meta property=\"article:publisher\" content=\"https:\/\/www.facebook.com\/RomanianCommunityOfIreland\/\" \/>\n<meta property=\"og:image\" content=\"http:\/\/www.romaniancommunity.net\/rci\/wp-content\/uploads\/2021\/12\/RCI_ZN_2021_anulat.jpg\" \/>\n<meta name=\"twitter:card\" content=\"summary_large_image\" \/>\n<script type=\"application\/ld+json\" class=\"yoast-schema-graph\">{\"@context\":\"https:\\\/\\\/schema.org\",\"@graph\":[{\"@type\":\"WebPage\",\"@id\":\"http:\\\/\\\/www.romaniancommunity.net\\\/rci\\\/retrospectiva-2021\\\/\",\"url\":\"http:\\\/\\\/www.romaniancommunity.net\\\/rci\\\/retrospectiva-2021\\\/\",\"name\":\"Retrospectiva 2021 - Romanian Community of Ireland\",\"isPartOf\":{\"@id\":\"http:\\\/\\\/www.romaniancommunity.net\\\/rci\\\/#website\"},\"primaryImageOfPage\":{\"@id\":\"http:\\\/\\\/www.romaniancommunity.net\\\/rci\\\/retrospectiva-2021\\\/#primaryimage\"},\"image\":{\"@id\":\"http:\\\/\\\/www.romaniancommunity.net\\\/rci\\\/retrospectiva-2021\\\/#primaryimage\"},\"thumbnailUrl\":\"http:\\\/\\\/www.romaniancommunity.net\\\/rci\\\/wp-content\\\/uploads\\\/2021\\\/12\\\/RCI_ZN_2021_anulat.jpg\",\"datePublished\":\"2022-11-25T21:59:58+00:00\",\"breadcrumb\":{\"@id\":\"http:\\\/\\\/www.romaniancommunity.net\\\/rci\\\/retrospectiva-2021\\\/#breadcrumb\"},\"inLanguage\":\"en-US\",\"potentialAction\":[{\"@type\":\"ReadAction\",\"target\":[\"http:\\\/\\\/www.romaniancommunity.net\\\/rci\\\/retrospectiva-2021\\\/\"]}]},{\"@type\":\"ImageObject\",\"inLanguage\":\"en-US\",\"@id\":\"http:\\\/\\\/www.romaniancommunity.net\\\/rci\\\/retrospectiva-2021\\\/#primaryimage\",\"url\":\"http:\\\/\\\/www.romaniancommunity.net\\\/rci\\\/wp-content\\\/uploads\\\/2021\\\/12\\\/RCI_ZN_2021_anulat.jpg\",\"contentUrl\":\"http:\\\/\\\/www.romaniancommunity.net\\\/rci\\\/wp-content\\\/uploads\\\/2021\\\/12\\\/RCI_ZN_2021_anulat.jpg\",\"width\":645,\"height\":912},{\"@type\":\"BreadcrumbList\",\"@id\":\"http:\\\/\\\/www.romaniancommunity.net\\\/rci\\\/retrospectiva-2021\\\/#breadcrumb\",\"itemListElement\":[{\"@type\":\"ListItem\",\"position\":1,\"name\":\"Home\",\"item\":\"http:\\\/\\\/www.romaniancommunity.net\\\/rci\\\/\"},{\"@type\":\"ListItem\",\"position\":2,\"name\":\"Retrospectiva 2021\"}]},{\"@type\":\"WebSite\",\"@id\":\"http:\\\/\\\/www.romaniancommunity.net\\\/rci\\\/#website\",\"url\":\"http:\\\/\\\/www.romaniancommunity.net\\\/rci\\\/\",\"name\":\"Romanian Community of Ireland\",\"description\":\"Comunitatea Rom\u00e2nilor din Irlanda\",\"potentialAction\":[{\"@type\":\"SearchAction\",\"target\":{\"@type\":\"EntryPoint\",\"urlTemplate\":\"http:\\\/\\\/www.romaniancommunity.net\\\/rci\\\/?s={search_term_string}\"},\"query-input\":{\"@type\":\"PropertyValueSpecification\",\"valueRequired\":true,\"valueName\":\"search_term_string\"}}],\"inLanguage\":\"en-US\"}]}<\/script>\n<!-- \/ Yoast SEO plugin. -->","yoast_head_json":{"title":"Retrospectiva 2021 - Romanian Community of Ireland","robots":{"index":"index","follow":"follow","max-snippet":"max-snippet:-1","max-image-preview":"max-image-preview:large","max-video-preview":"max-video-preview:-1"},"canonical":"http:\/\/www.romaniancommunity.net\/rci\/retrospectiva-2021\/","og_locale":"en_US","og_type":"article","og_title":"Retrospectiva 2021 - Romanian Community of Ireland","og_description":"Ziua Na\u021bional\u0103 a Rom\u00e2niei, 5 decembrie 2021 &#8211; ANULAT RCI v\u0103 invit\u0103 s\u0103 petrecem rom\u00e2ne\u0219te Ziua Na\u021bional\u0103 a Rom\u00e2niei! V\u0103 a\u0219tept\u0103m cu drag pe data de 5 Decembrie, \u00eencep\u00e2nd cu [&hellip;]","og_url":"http:\/\/www.romaniancommunity.net\/rci\/retrospectiva-2021\/","og_site_name":"Romanian Community of Ireland","article_publisher":"https:\/\/www.facebook.com\/RomanianCommunityOfIreland\/","og_image":[{"url":"http:\/\/www.romaniancommunity.net\/rci\/wp-content\/uploads\/2021\/12\/RCI_ZN_2021_anulat.jpg","type":"","width":"","height":""}],"twitter_card":"summary_large_image","schema":{"@context":"https:\/\/schema.org","@graph":[{"@type":"WebPage","@id":"http:\/\/www.romaniancommunity.net\/rci\/retrospectiva-2021\/","url":"http:\/\/www.romaniancommunity.net\/rci\/retrospectiva-2021\/","name":"Retrospectiva 2021 - Romanian Community of Ireland","isPartOf":{"@id":"http:\/\/www.romaniancommunity.net\/rci\/#website"},"primaryImageOfPage":{"@id":"http:\/\/www.romaniancommunity.net\/rci\/retrospectiva-2021\/#primaryimage"},"image":{"@id":"http:\/\/www.romaniancommunity.net\/rci\/retrospectiva-2021\/#primaryimage"},"thumbnailUrl":"http:\/\/www.romaniancommunity.net\/rci\/wp-content\/uploads\/2021\/12\/RCI_ZN_2021_anulat.jpg","datePublished":"2022-11-25T21:59:58+00:00","breadcrumb":{"@id":"http:\/\/www.romaniancommunity.net\/rci\/retrospectiva-2021\/#breadcrumb"},"inLanguage":"en-US","potentialAction":[{"@type":"ReadAction","target":["http:\/\/www.romaniancommunity.net\/rci\/retrospectiva-2021\/"]}]},{"@type":"ImageObject","inLanguage":"en-US","@id":"http:\/\/www.romaniancommunity.net\/rci\/retrospectiva-2021\/#primaryimage","url":"http:\/\/www.romaniancommunity.net\/rci\/wp-content\/uploads\/2021\/12\/RCI_ZN_2021_anulat.jpg","contentUrl":"http:\/\/www.romaniancommunity.net\/rci\/wp-content\/uploads\/2021\/12\/RCI_ZN_2021_anulat.jpg","width":645,"height":912},{"@type":"BreadcrumbList","@id":"http:\/\/www.romaniancommunity.net\/rci\/retrospectiva-2021\/#breadcrumb","itemListElement":[{"@type":"ListItem","position":1,"name":"Home","item":"http:\/\/www.romaniancommunity.net\/rci\/"},{"@type":"ListItem","position":2,"name":"Retrospectiva 2021"}]},{"@type":"WebSite","@id":"http:\/\/www.romaniancommunity.net\/rci\/#website","url":"http:\/\/www.romaniancommunity.net\/rci\/","name":"Romanian Community of Ireland","description":"Comunitatea Rom\u00e2nilor din Irlanda","potentialAction":[{"@type":"SearchAction","target":{"@type":"EntryPoint","urlTemplate":"http:\/\/www.romaniancommunity.net\/rci\/?s={search_term_string}"},"query-input":{"@type":"PropertyValueSpecification","valueRequired":true,"valueName":"search_term_string"}}],"inLanguage":"en-US"}]}},"_links":{"self":[{"href":"http:\/\/www.romaniancommunity.net\/rci\/wp-json\/wp\/v2\/pages\/4378","targetHints":{"allow":["GET"]}}],"collection":[{"href":"http:\/\/www.romaniancommunity.net\/rci\/wp-json\/wp\/v2\/pages"}],"about":[{"href":"http:\/\/www.romaniancommunity.net\/rci\/wp-json\/wp\/v2\/types\/page"}],"author":[{"embeddable":true,"href":"http:\/\/www.romaniancommunity.net\/rci\/wp-json\/wp\/v2\/users\/5"}],"replies":[{"embeddable":true,"href":"http:\/\/www.romaniancommunity.net\/rci\/wp-json\/wp\/v2\/comments?post=4378"}],"version-history":[{"count":1,"href":"http:\/\/www.romaniancommunity.net\/rci\/wp-json\/wp\/v2\/pages\/4378\/revisions"}],"predecessor-version":[{"id":4379,"href":"http:\/\/www.romaniancommunity.net\/rci\/wp-json\/wp\/v2\/pages\/4378\/revisions\/4379"}],"wp:attachment":[{"href":"http:\/\/www.romaniancommunity.net\/rci\/wp-json\/wp\/v2\/media?parent=4378"}],"curies":[{"name":"wp","href":"https:\/\/api.w.org\/{rel}","templated":true}]}}