{"id":3955,"date":"2019-01-10T22:57:07","date_gmt":"2019-01-10T22:57:07","guid":{"rendered":"http:\/\/www.romaniancommunity.net\/rci\/?page_id=3955"},"modified":"2019-01-10T23:28:28","modified_gmt":"2019-01-10T23:28:28","slug":"retrospectiva-2017","status":"publish","type":"page","link":"http:\/\/www.romaniancommunity.net\/rci\/retrospectiva-2017\/","title":{"rendered":"Retrospectiva 2017"},"content":{"rendered":"<h2><strong>V\u0103 invit\u0103m s\u0103 urm\u0103ri\u021bi evenimentele RCI din 2017!<\/strong><\/h2>\n<p style=\"text-align: center;\"><iframe loading=\"lazy\" src=\"https:\/\/www.youtube-nocookie.com\/embed\/2n5XVsQEEiE\" width=\"560\" height=\"420\" frameborder=\"0\" allowfullscreen=\"allowfullscreen\"><\/iframe><\/p>\n<hr \/>\n<h2><\/h2>\n<h2><strong>Ziua Na\u021bional\u0103 a Rom\u00e2niei, 1 decembrie 2017<\/strong><\/h2>\n<p><a href=\"http:\/\/www.romaniancommunity.net\/rci\/wp-content\/uploads\/2015\/04\/final-zn-2017.jpg\"><img loading=\"lazy\" decoding=\"async\" class=\"alignleft wp-image-3769 \" src=\"http:\/\/www.romaniancommunity.net\/rci\/wp-content\/uploads\/2015\/04\/final-zn-2017-724x1024.jpg\" alt=\"\" width=\"429\" height=\"606\" srcset=\"http:\/\/www.romaniancommunity.net\/rci\/wp-content\/uploads\/2015\/04\/final-zn-2017-724x1024.jpg 724w, http:\/\/www.romaniancommunity.net\/rci\/wp-content\/uploads\/2015\/04\/final-zn-2017-212x300.jpg 212w, http:\/\/www.romaniancommunity.net\/rci\/wp-content\/uploads\/2015\/04\/final-zn-2017-768x1086.jpg 768w, http:\/\/www.romaniancommunity.net\/rci\/wp-content\/uploads\/2015\/04\/final-zn-2017.jpg 1448w\" sizes=\"auto, (max-width: 429px) 100vw, 429px\" \/><\/a><\/p>\n<p>S\u0103 petrecem rom\u00e2ne\u0219te Ziua Na\u021bional\u0103 a Rom\u00e2niei!<\/p>\n<p>V\u0103 a\u0219tept\u0103m de la ora 19:00 la Joullie Room &#8211; Ierne Sports Centre, 9 Grace Park Road, Drumcondra, Dublin 9, \u00eentr-o atmosfer\u0103 elegant\u0103 \u0219i primitoare. Degust\u0103m m\u00e2ncare rom\u00e2neasc\u0103, ne bucur\u0103m de muzic\u0103 popular\u0103 interpretat\u0103 de \u00eendr\u0103gita c\u00e2nt\u0103rea\u021b\u0103 \u00a0<a id=\"js_sc\" class=\"profileLink\" href=\"https:\/\/www.facebook.com\/mihaela.balasca.7?fref=mentions\" data-hovercard=\"\/ajax\/hovercard\/user.php?id=100000181223423&amp;extragetparams=%7B%22fref%22%3A%22mentions%22%7D\" data-hovercard-prefer-more-content-show=\"1\" aria-controls=\"js_sa\" aria-haspopup=\"true\" aria-describedby=\"js_sb\">Mihaela Bala\u0219c\u0103<\/a>, folk pe acordurile forma\u021biei\u00a0<a class=\"profileLink\" href=\"https:\/\/www.facebook.com\/Fireflyes-212624702602155\/?fref=mentions\" data-hovercard=\"\/ajax\/hovercard\/page.php?id=212624702602155&amp;extragetparams=%7B%22fref%22%3A%22mentions%22%7D\" data-hovercard-prefer-more-content-show=\"1\">Fireflyes\u00a0<\/a>&#8211; Licuricii, DJ Marius Bircu (<a id=\"js_i4\" class=\"profileLink\" href=\"https:\/\/www.facebook.com\/MagicEventsDublin\/?fref=mentions\" data-hovercard=\"\/ajax\/hovercard\/page.php?id=1321989917915605&amp;extragetparams=%7B%22fref%22%3A%22mentions%22%7D\" data-hovercard-prefer-more-content-show=\"1\" aria-controls=\"js_i2\" aria-haspopup=\"true\" aria-describedby=\"js_i3\">Magic S<span class=\"text_exposed_show\">ound&amp;Lights Events Dublin<\/span><\/a><span class=\"text_exposed_show\">)<\/span>, surprize \u0219i mult\u0103 voie bun\u0103!<\/p>\n<p>To\u021bi cei cu inima rom\u00e2n\u0103, s\u0103 s\u0103rb\u0103torim \u00eempreun\u0103!<\/p>\n<p>Mul\u021bumim partenerilor \u0219i colaboratorilor pentru sprijinul acordat \u00een realizarea evenimentului:<\/p>\n<p>Parteneri principali:<br \/>\n<a class=\"profileLink\" href=\"https:\/\/www.facebook.com\/RiaFinancialIE\/?fref=mentions\" data-hovercard=\"\/ajax\/hovercard\/page.php?id=1604830746401397&amp;extragetparams=%7B%22fref%22%3A%22mentions%22%7D\" data-hovercard-prefer-more-content-show=\"1\">Ria Money Transfer Ireland<\/a><br \/>\n<a class=\"profileLink\" href=\"https:\/\/www.facebook.com\/dreameventsplanner\/?fref=mentions\" data-hovercard=\"\/ajax\/hovercard\/page.php?id=200414313735717&amp;extragetparams=%7B%22fref%22%3A%22mentions%22%7D\" data-hovercard-prefer-more-content-show=\"1\">Dream Events at &#8220;The Joullie Room&#8221;<\/a><\/p>\n<p>Partenerii evenimentului:<br \/>\n<a class=\"profileLink\" href=\"https:\/\/www.facebook.com\/Gyc-Transport-Irlanda-1627203344214388\/?fref=mentions\" data-hovercard=\"\/ajax\/hovercard\/page.php?id=1627203344214388&amp;extragetparams=%7B%22fref%22%3A%22mentions%22%7D\" data-hovercard-prefer-more-content-show=\"1\">Gyc Transport Irlanda<\/a><br \/>\n<a class=\"profileLink\" href=\"https:\/\/www.facebook.com\/AvocatRomanIrlanda\/?fref=mentions\" data-hovercard=\"\/ajax\/hovercard\/page.php?id=195881507267387&amp;extragetparams=%7B%22fref%22%3A%22mentions%22%7D\" data-hovercard-prefer-more-content-show=\"1\">Popa &amp; Co. Law Firm<\/a><br \/>\n<a class=\"profileLink\" href=\"https:\/\/www.facebook.com\/LinearOfficeContracting\/?fref=mentions\" data-hovercard=\"\/ajax\/hovercard\/page.php?id=503904662957345&amp;extragetparams=%7B%22fref%22%3A%22mentions%22%7D\" data-hovercard-prefer-more-content-show=\"1\">Linear Office Contracting<\/a><br \/>\n<a class=\"profileLink\" href=\"https:\/\/www.facebook.com\/almagreenservices\/?fref=mentions\" data-hovercard=\"\/ajax\/hovercard\/page.php?id=399472563749093&amp;extragetparams=%7B%22fref%22%3A%22mentions%22%7D\" data-hovercard-prefer-more-content-show=\"1\">Alma Green Services Ltd<\/a><br \/>\n<a class=\"profileLink\" href=\"https:\/\/www.facebook.com\/partyfood4u\/?fref=mentions\" data-hovercard=\"\/ajax\/hovercard\/page.php?id=587416671350957&amp;extragetparams=%7B%22fref%22%3A%22mentions%22%7D\" data-hovercard-prefer-more-content-show=\"1\">Party Food 4U<\/a><br \/>\n<a class=\"profileLink\" href=\"https:\/\/www.facebook.com\/DF.MedcalCentre\/?fref=mentions\" data-hovercard=\"\/ajax\/hovercard\/page.php?id=1619640661382170&amp;extragetparams=%7B%22fref%22%3A%22mentions%22%7D\" data-hovercard-prefer-more-content-show=\"1\">DF Medical Centre<\/a><br \/>\n<a class=\"profileLink\" href=\"https:\/\/www.facebook.com\/MorningDewbySylvaniaFoods\/?fref=mentions\" data-hovercard=\"\/ajax\/hovercard\/page.php?id=812562182226050&amp;extragetparams=%7B%22fref%22%3A%22mentions%22%7D\" data-hovercard-prefer-more-content-show=\"1\">Morning Dew by Sylvania Foods Ltd<\/a><br \/>\n<a class=\"profileLink\" href=\"https:\/\/www.facebook.com\/EuroWestAdvertising\/?fref=mentions\" data-hovercard=\"\/ajax\/hovercard\/page.php?id=552341758273300&amp;extragetparams=%7B%22fref%22%3A%22mentions%22%7D\" data-hovercard-prefer-more-content-show=\"1\">EuroWest Advertising<\/a><br \/>\n<a class=\"profileLink\" href=\"https:\/\/www.facebook.com\/Chetas-cakes-603901259678765\/?fref=mentions\" data-hovercard=\"\/ajax\/hovercard\/page.php?id=603901259678765&amp;extragetparams=%7B%22fref%22%3A%22mentions%22%7D\" data-hovercard-prefer-more-content-show=\"1\">Cheta&#8217;s cakes<\/a><\/p>\n<p>V\u0103 a\u0219tept\u0103m cu drag s\u0103 s\u0103rb\u0103torim \u00eempreun\u0103!<\/p>\n<h4><\/h4>\n<hr \/>\n<h2><\/h2>\n<h2><strong>INVITA\u021aIE LA TEATRU<\/strong><\/h2>\n<p><img loading=\"lazy\" decoding=\"async\" class=\"alignleft size-large wp-image-3389\" src=\"http:\/\/www.romaniancommunity.net\/rci\/wp-content\/uploads\/2015\/04\/20748205_1657574997609230_5042958564623338595_o-723x1024.jpg\" alt=\"\" width=\"425\" height=\"602\" srcset=\"http:\/\/www.romaniancommunity.net\/rci\/wp-content\/uploads\/2015\/04\/20748205_1657574997609230_5042958564623338595_o-723x1024.jpg 723w, http:\/\/www.romaniancommunity.net\/rci\/wp-content\/uploads\/2015\/04\/20748205_1657574997609230_5042958564623338595_o-212x300.jpg 212w, http:\/\/www.romaniancommunity.net\/rci\/wp-content\/uploads\/2015\/04\/20748205_1657574997609230_5042958564623338595_o-768x1088.jpg 768w, http:\/\/www.romaniancommunity.net\/rci\/wp-content\/uploads\/2015\/04\/20748205_1657574997609230_5042958564623338595_o.jpg 1446w\" sizes=\"auto, (max-width: 425px) 100vw, 425px\" \/><\/p>\n<p>&nbsp;<\/p>\n<h4><\/h4>\n<p>Dragi prieteni,<\/p>\n<p>Anul acesta, declarat &#8220;anul Caragiale&#8221;, aducem pe scena teatrului din Dublin comedia &#8220;O NOAPTE FURTUNOAS\u0102&#8221; de I. L. Caragiale. M\u0103iestria regizoral\u0103 a lui Dan Tudor este sus\u021binut\u0103 impecabil de cunoscu\u021bii actori ai teatrelor bucure\u0219tene: Drago\u0219 Ionescu, Afrodita Androne, Tudorel Filimon, Orodel Olaru, Oana Dr\u0103ghici, Florin Dobre, Dan Tudor.<\/p>\n<p>? Teatrul Draiocht Blanchardstown<br \/>\n\u231b\u00a0S\u00e2mb\u0103t\u0103 16 septembrie 2017, ora 18:00<br \/>\n? Bilete: 27 \u20ac, <a href=\"http:\/\/draiocht.ie\/events\/2739\">draiocht.ie<\/a> \/ 01 885 2622<\/p>\n<p>Eveniment realizat cu sprijinul partenerilor no\u0219tri:<br \/>\n<a href=\"https:\/\/www.facebook.com\/BlueAirSmartFlying\/?fref=mentions\">Blue Air<\/a>,<br \/>\n<a href=\"https:\/\/www.facebook.com\/Gyc-Transport-Irlanda-1627203344214388\/?fref=mentions\">Gyc Transport Irlanda<\/a>,<br \/>\n<a href=\"https:\/\/www.facebook.com\/Avocat.Romania.Irlanda\/?fref=mentions\">Popa &amp; Co. Law Firm<\/a>,<br \/>\n<a href=\"https:\/\/www.facebook.com\/DoozEnergyIreland\/?fref=mentions\">Dooz Energy Ireland<\/a>,<br \/>\n<span style=\"color: #c10101;\">Morning Dew<\/span>,<br \/>\n<a href=\"https:\/\/www.facebook.com\/dentistireland.ie\/?fref=mentions\">St.Peter&#8217;s Square Dental Surgery<\/a><\/p>\n<p>V\u0103 a\u0219tept\u0103m cu mult drag!<\/p>\n<p><small><em>*Datorit\u0103 popularit\u0103\u021bii crescute a evenimentului v\u0103 recomand\u0103m s\u0103 planifica\u021bi din timp participarea.<\/em><\/small><\/p>\n<p>&nbsp;<\/p>\n<h4><\/h4>\n<p>&nbsp;<\/p>\n<hr \/>\n<h2><\/h2>\n<h2><strong>Zilele Rom\u00e2nilor din Irlanda, 27-28 Mai 2017<\/strong><\/h2>\n<p><img loading=\"lazy\" decoding=\"async\" class=\"alignleft size-large wp-image-3370\" src=\"http:\/\/www.romaniancommunity.net\/rci\/wp-content\/uploads\/2015\/04\/18342810_1555071074526290_7707824429906388717_n.jpg\" alt=\"\" width=\"425\" height=\"614\" \/><br \/>\nV\u0103 invit\u0103m cu deosebit\u0103 pl\u0103cere la\u00a0teatru \u0219i la o sear\u0103 de muzic\u0103 folk:<\/p>\n<p>? BALADE ROM\u00c2NE\u0218TI, CHITAR\u0102, SOCIALIZARE<br \/>\nTeachers&#8217; Club, Dublin &#8211; centru<br \/>\nS\u00e2mb\u0103t\u0103 27 mai, ora 19.00<br \/>\nIntrarea liber\u0103<\/p>\n<p>? &#8220;AMOR \u00ceN FARMACIE&#8221;, COMEDIE, HOHOTE DE R\u00c2S<br \/>\nTeatrul Draiocht Blanchardstown<br \/>\nDuminic\u0103 28 mai, ora 17:00<br \/>\nBilete: 25 \u20ac, <a href=\"http:\/\/www.draiocht.ie\/events\/amor_in_farmacie_love_story_at_the_pharmacy\">www.draiocht.ie<\/a>\u00a0\/ 01 885 2622<\/p>\n<p>Evenimente marca RCI realizate cu sprijinul:<br \/>\n<a href=\"https:\/\/www.facebook.com\/Avocat.Romania.Irlanda\/\">Popa &amp; Co. Law Firm<\/a>,<br \/>\n<a href=\"https:\/\/www.facebook.com\/oas.dublin\">Oas Building Ltd.<\/a>,<br \/>\n<a href=\"https:\/\/www.facebook.com\/drivinginstructordublin\/\">Adrian Driving School<\/a>,<br \/>\n<a href=\"https:\/\/www.facebook.com\/diana.finnegan.169\">Dr. Diana Finnegan<\/a>,<br \/>\n<a href=\"https:\/\/www.facebook.com\/EuroWestAdvertising\/\">EuroWest Advertising<\/a>,<br \/>\n<a href=\"https:\/\/www.facebook.com\/Daniel-Motors-LTD-275732082510115\/\">Daniel Motors LTD<\/a><br \/>\n<a href=\"https:\/\/www.facebook.com\/Gyc-Transport-Irlanda-1627203344214388\">Gycu Trans<\/a><br \/>\n<a href=\"https:\/\/www.facebook.com\/Nutritional-Consultation-Diana-Malcoci-436707093197201\/\">Diana Malcoci \u2013 Health Concept<\/a><\/p>\n<p>V\u0103 a\u0219tept\u0103m cu drag!<\/p>\n<p>&nbsp;<\/p>\n<h4><\/h4>\n<p>&nbsp;<\/p>\n<h4><\/h4>\n<p>&nbsp;<\/p>\n<h4><\/h4>\n<hr \/>\n<h2><\/h2>\n<h2><strong>RCI AGM (Adunarea General\u0103 Anual\u0103 a Organiza\u021biei RCI) 2017<\/strong><\/h2>\n<p>Joi, 18 mai 2017, \u00eencep\u00e2nd cu ora 19.30, la sediul RCI din 53 Upper Dorset Street Dublin 1, Romanian Community of Ireland organizeaz\u0103 sedin\u021ba AGM. Participan\u021bii vor avea ocazia s\u0103 cunoasc\u0103 echipa de voluntari, s\u0103 afle mai multe despre activit\u0103\u021bile RCI din ultimul an (2016) dar \u0219i despre planurile noastre de viitor.<\/p>\n<p>Cei doritori s\u0103 participe sunt rugati s\u0103 confirme prezen\u021ba prin email la info@romaniancommunity.net p\u00e2n<span class=\"text_exposed_show\">\u0103 la data de 11 mai 2017.<\/span><\/p>\n<div class=\"text_exposed_show\">\n<p>V\u0103 a\u0219tept\u0103m cu mult drag.<\/p>\n<p>Echipa RCI<\/p>\n<hr \/>\n<\/div>\n<p style=\"text-align: center;\"><iframe loading=\"lazy\" src=\"https:\/\/www.youtube-nocookie.com\/embed\/Fb0I0ffReMc\" width=\"560\" height=\"315\" frameborder=\"0\" allowfullscreen=\"allowfullscreen\"><\/iframe><\/p>\n<hr \/>\n<h2><\/h2>\n<h2><strong> Ziua Femeii 2017 &#8211; Edi\u021bie Aniversar\u0103<\/strong><\/h2>\n<p><img loading=\"lazy\" decoding=\"async\" class=\"alignleft size-large wp-image-3166\" src=\"http:\/\/www.romaniancommunity.net\/rci\/wp-content\/uploads\/2015\/04\/ZF2017_final_mare-709x1024.jpg\" alt=\"\" width=\"425\" height=\"614\" srcset=\"http:\/\/www.romaniancommunity.net\/rci\/wp-content\/uploads\/2015\/04\/ZF2017_final_mare-709x1024.jpg 709w, http:\/\/www.romaniancommunity.net\/rci\/wp-content\/uploads\/2015\/04\/ZF2017_final_mare-208x300.jpg 208w, http:\/\/www.romaniancommunity.net\/rci\/wp-content\/uploads\/2015\/04\/ZF2017_final_mare-768x1109.jpg 768w, http:\/\/www.romaniancommunity.net\/rci\/wp-content\/uploads\/2015\/04\/ZF2017_final_mare.jpg 1350w\" sizes=\"auto, (max-width: 425px) 100vw, 425px\" \/><\/p>\n<p>De 10 ani \u00eempreun\u0103 cu doamnele \u0219i domni\u0219oarele din comunitatea noastr\u0103!<\/p>\n<p>Romanian Community of Ireland a organizat Ziua Femeii pentru prima dat\u0103 \u00een 2007 \u0219i an de an petrecerile au cunoscut un succes fulminant, peste 300 de doamne \u0219i domni\u0219oare s\u0103rb\u0103toresc acum al\u0103turi de noi. Invita\u021bi speciali, arti\u0219ti rom\u00e2ni consacra\u021bi, personalit\u0103\u021bi din Rom\u00e2nia \u0219i Irlanda au participat cu bucurie la acest eveniment. \u00cen anul 2016 a debutat <em>Gala Premiilor de Excelen\u021b\u0103 pentru Rom\u00e2ncele din Irlanda<\/em>, un demers firesc \u0219i necesar, aprecierea muncii \u0219i succesului femeilor.<\/p>\n<p>\u00cempreun\u0103, prin dans, c\u00e2ntec \u0219i voie bun\u0103 vom marca \u00eenc\u0103 un eveniment reu\u0219it in istoria RCI \u0219i a comunit\u0103\u021bii rom\u00e2ne\u0219ti din Irlanda.\u00a0V\u0103 mul\u021bumim pentru sus\u021binere \u0219i pentru c\u0103ldura cu care ne \u00eenconjura\u021bi \u00een fiecare an!<\/p>\n<p>Avem bucuria s\u0103 v\u0103 prezent\u0103m detaliile la rubrica <a href=\"http:\/\/www.romaniancommunity.net\/rci\/evenimente\/\">EVENIMENTE<\/a>.<\/p>\n<p>Muzic\u0103 \u0219i entertainment:\u00a0<a href=\"https:\/\/www.facebook.com\/alberto.roquez\">DJ Marius B\u00eercu<\/a>,\u00a0<a href=\"http:\/\/facebook.com\/profile.php?id=100008113953250\">Ani\u0219oara Bobeic\u0103<\/a> &#8211; muzic\u0103 popular\u0103.<br \/>\nFotograful serii: <a href=\"http:\/\/fb.me\/perfectlight.ie\">Voicu Duma<\/a><\/p>\n<p>Sponsori:<br \/>\n<a href=\"https:\/\/www.facebook.com\/CristinaStamatescuSolicitors\/\">Cristina Stamatescu Solicitors<\/a><br \/>\n<a href=\"https:\/\/www.facebook.com\/oas.dublin\">Oas Building Ltd<\/a><br \/>\n<a href=\"https:\/\/www.facebook.com\/florocomp\">Floro Company<\/a><br \/>\n<a href=\"https:\/\/www.facebook.com\/Expedio-Translations-Services-673270806064562\">Expedio Translations<\/a><br \/>\n<a href=\"https:\/\/www.facebook.com\/diana.finnegan.169\">Dr. Diana Finnegan<\/a><br \/>\n<a href=\"https:\/\/www.facebook.com\/ShadesHairAndBeauty.Dublin\/\">Salonul S H A D E S Hair &amp; Beauty<\/a><br \/>\n<a href=\"https:\/\/www.facebook.com\/pages\/Ming-Court-Chinese\/115804158479730\">Restaurantul Ming Court Blanchardstown<\/a><br \/>\n<a href=\"https:\/\/www.facebook.com\/Gyc-Transport-Irlanda-1627203344214388\/\">Gyc Transport<\/a><\/p>\n<p><small><em>*Datorit\u0103 popularit\u0103\u021bii crescute a evenimentului v\u0103 recomand\u0103m s\u0103 planifica\u021bi din timp participarea.<\/em><\/small><\/p>\n","protected":false},"excerpt":{"rendered":"<p>V\u0103 invit\u0103m s\u0103 urm\u0103ri\u021bi evenimentele RCI din 2017! Ziua Na\u021bional\u0103 a Rom\u00e2niei, 1 decembrie 2017 S\u0103 petrecem rom\u00e2ne\u0219te Ziua Na\u021bional\u0103 a Rom\u00e2niei! V\u0103 a\u0219tept\u0103m de la ora 19:00 la Joullie [&hellip;]<\/p>\n","protected":false},"author":5,"featured_media":0,"parent":0,"menu_order":0,"comment_status":"closed","ping_status":"closed","template":"","meta":{"footnotes":""},"class_list":["post-3955","page","type-page","status-publish","hentry"],"yoast_head":"<!-- This site is optimized with the Yoast SEO plugin v27.5 - https:\/\/yoast.com\/product\/yoast-seo-wordpress\/ -->\n<title>Retrospectiva 2017 - Romanian Community of Ireland<\/title>\n<meta name=\"robots\" content=\"index, follow, max-snippet:-1, max-image-preview:large, max-video-preview:-1\" \/>\n<link rel=\"canonical\" href=\"http:\/\/www.romaniancommunity.net\/rci\/retrospectiva-2017\/\" \/>\n<meta property=\"og:locale\" content=\"en_US\" \/>\n<meta property=\"og:type\" content=\"article\" \/>\n<meta property=\"og:title\" content=\"Retrospectiva 2017 - Romanian Community of Ireland\" \/>\n<meta property=\"og:description\" content=\"V\u0103 invit\u0103m s\u0103 urm\u0103ri\u021bi evenimentele RCI din 2017! Ziua Na\u021bional\u0103 a Rom\u00e2niei, 1 decembrie 2017 S\u0103 petrecem rom\u00e2ne\u0219te Ziua Na\u021bional\u0103 a Rom\u00e2niei! V\u0103 a\u0219tept\u0103m de la ora 19:00 la Joullie [&hellip;]\" \/>\n<meta property=\"og:url\" content=\"http:\/\/www.romaniancommunity.net\/rci\/retrospectiva-2017\/\" \/>\n<meta property=\"og:site_name\" content=\"Romanian Community of Ireland\" \/>\n<meta property=\"article:publisher\" content=\"https:\/\/www.facebook.com\/RomanianCommunityOfIreland\/\" \/>\n<meta property=\"article:modified_time\" content=\"2019-01-10T23:28:28+00:00\" \/>\n<meta property=\"og:image\" content=\"http:\/\/www.romaniancommunity.net\/rci\/wp-content\/uploads\/2015\/04\/final-zn-2017-724x1024.jpg\" \/>\n<meta name=\"twitter:card\" content=\"summary_large_image\" \/>\n<meta name=\"twitter:label1\" content=\"Est. reading time\" \/>\n\t<meta name=\"twitter:data1\" content=\"4 minutes\" \/>\n<script type=\"application\/ld+json\" class=\"yoast-schema-graph\">{\"@context\":\"https:\\\/\\\/schema.org\",\"@graph\":[{\"@type\":\"WebPage\",\"@id\":\"http:\\\/\\\/www.romaniancommunity.net\\\/rci\\\/retrospectiva-2017\\\/\",\"url\":\"http:\\\/\\\/www.romaniancommunity.net\\\/rci\\\/retrospectiva-2017\\\/\",\"name\":\"Retrospectiva 2017 - Romanian Community of Ireland\",\"isPartOf\":{\"@id\":\"http:\\\/\\\/www.romaniancommunity.net\\\/rci\\\/#website\"},\"primaryImageOfPage\":{\"@id\":\"http:\\\/\\\/www.romaniancommunity.net\\\/rci\\\/retrospectiva-2017\\\/#primaryimage\"},\"image\":{\"@id\":\"http:\\\/\\\/www.romaniancommunity.net\\\/rci\\\/retrospectiva-2017\\\/#primaryimage\"},\"thumbnailUrl\":\"http:\\\/\\\/www.romaniancommunity.net\\\/rci\\\/wp-content\\\/uploads\\\/2015\\\/04\\\/final-zn-2017-724x1024.jpg\",\"datePublished\":\"2019-01-10T22:57:07+00:00\",\"dateModified\":\"2019-01-10T23:28:28+00:00\",\"breadcrumb\":{\"@id\":\"http:\\\/\\\/www.romaniancommunity.net\\\/rci\\\/retrospectiva-2017\\\/#breadcrumb\"},\"inLanguage\":\"en-US\",\"potentialAction\":[{\"@type\":\"ReadAction\",\"target\":[\"http:\\\/\\\/www.romaniancommunity.net\\\/rci\\\/retrospectiva-2017\\\/\"]}]},{\"@type\":\"ImageObject\",\"inLanguage\":\"en-US\",\"@id\":\"http:\\\/\\\/www.romaniancommunity.net\\\/rci\\\/retrospectiva-2017\\\/#primaryimage\",\"url\":\"http:\\\/\\\/www.romaniancommunity.net\\\/rci\\\/wp-content\\\/uploads\\\/2015\\\/04\\\/final-zn-2017.jpg\",\"contentUrl\":\"http:\\\/\\\/www.romaniancommunity.net\\\/rci\\\/wp-content\\\/uploads\\\/2015\\\/04\\\/final-zn-2017.jpg\",\"width\":1448,\"height\":2048},{\"@type\":\"BreadcrumbList\",\"@id\":\"http:\\\/\\\/www.romaniancommunity.net\\\/rci\\\/retrospectiva-2017\\\/#breadcrumb\",\"itemListElement\":[{\"@type\":\"ListItem\",\"position\":1,\"name\":\"Home\",\"item\":\"http:\\\/\\\/www.romaniancommunity.net\\\/rci\\\/\"},{\"@type\":\"ListItem\",\"position\":2,\"name\":\"Retrospectiva 2017\"}]},{\"@type\":\"WebSite\",\"@id\":\"http:\\\/\\\/www.romaniancommunity.net\\\/rci\\\/#website\",\"url\":\"http:\\\/\\\/www.romaniancommunity.net\\\/rci\\\/\",\"name\":\"Romanian Community of Ireland\",\"description\":\"Comunitatea Rom\u00e2nilor din Irlanda\",\"potentialAction\":[{\"@type\":\"SearchAction\",\"target\":{\"@type\":\"EntryPoint\",\"urlTemplate\":\"http:\\\/\\\/www.romaniancommunity.net\\\/rci\\\/?s={search_term_string}\"},\"query-input\":{\"@type\":\"PropertyValueSpecification\",\"valueRequired\":true,\"valueName\":\"search_term_string\"}}],\"inLanguage\":\"en-US\"}]}<\/script>\n<!-- \/ Yoast SEO plugin. -->","yoast_head_json":{"title":"Retrospectiva 2017 - Romanian Community of Ireland","robots":{"index":"index","follow":"follow","max-snippet":"max-snippet:-1","max-image-preview":"max-image-preview:large","max-video-preview":"max-video-preview:-1"},"canonical":"http:\/\/www.romaniancommunity.net\/rci\/retrospectiva-2017\/","og_locale":"en_US","og_type":"article","og_title":"Retrospectiva 2017 - Romanian Community of Ireland","og_description":"V\u0103 invit\u0103m s\u0103 urm\u0103ri\u021bi evenimentele RCI din 2017! Ziua Na\u021bional\u0103 a Rom\u00e2niei, 1 decembrie 2017 S\u0103 petrecem rom\u00e2ne\u0219te Ziua Na\u021bional\u0103 a Rom\u00e2niei! V\u0103 a\u0219tept\u0103m de la ora 19:00 la Joullie [&hellip;]","og_url":"http:\/\/www.romaniancommunity.net\/rci\/retrospectiva-2017\/","og_site_name":"Romanian Community of Ireland","article_publisher":"https:\/\/www.facebook.com\/RomanianCommunityOfIreland\/","article_modified_time":"2019-01-10T23:28:28+00:00","og_image":[{"url":"http:\/\/www.romaniancommunity.net\/rci\/wp-content\/uploads\/2015\/04\/final-zn-2017-724x1024.jpg","type":"","width":"","height":""}],"twitter_card":"summary_large_image","twitter_misc":{"Est. reading time":"4 minutes"},"schema":{"@context":"https:\/\/schema.org","@graph":[{"@type":"WebPage","@id":"http:\/\/www.romaniancommunity.net\/rci\/retrospectiva-2017\/","url":"http:\/\/www.romaniancommunity.net\/rci\/retrospectiva-2017\/","name":"Retrospectiva 2017 - Romanian Community of Ireland","isPartOf":{"@id":"http:\/\/www.romaniancommunity.net\/rci\/#website"},"primaryImageOfPage":{"@id":"http:\/\/www.romaniancommunity.net\/rci\/retrospectiva-2017\/#primaryimage"},"image":{"@id":"http:\/\/www.romaniancommunity.net\/rci\/retrospectiva-2017\/#primaryimage"},"thumbnailUrl":"http:\/\/www.romaniancommunity.net\/rci\/wp-content\/uploads\/2015\/04\/final-zn-2017-724x1024.jpg","datePublished":"2019-01-10T22:57:07+00:00","dateModified":"2019-01-10T23:28:28+00:00","breadcrumb":{"@id":"http:\/\/www.romaniancommunity.net\/rci\/retrospectiva-2017\/#breadcrumb"},"inLanguage":"en-US","potentialAction":[{"@type":"ReadAction","target":["http:\/\/www.romaniancommunity.net\/rci\/retrospectiva-2017\/"]}]},{"@type":"ImageObject","inLanguage":"en-US","@id":"http:\/\/www.romaniancommunity.net\/rci\/retrospectiva-2017\/#primaryimage","url":"http:\/\/www.romaniancommunity.net\/rci\/wp-content\/uploads\/2015\/04\/final-zn-2017.jpg","contentUrl":"http:\/\/www.romaniancommunity.net\/rci\/wp-content\/uploads\/2015\/04\/final-zn-2017.jpg","width":1448,"height":2048},{"@type":"BreadcrumbList","@id":"http:\/\/www.romaniancommunity.net\/rci\/retrospectiva-2017\/#breadcrumb","itemListElement":[{"@type":"ListItem","position":1,"name":"Home","item":"http:\/\/www.romaniancommunity.net\/rci\/"},{"@type":"ListItem","position":2,"name":"Retrospectiva 2017"}]},{"@type":"WebSite","@id":"http:\/\/www.romaniancommunity.net\/rci\/#website","url":"http:\/\/www.romaniancommunity.net\/rci\/","name":"Romanian Community of Ireland","description":"Comunitatea Rom\u00e2nilor din Irlanda","potentialAction":[{"@type":"SearchAction","target":{"@type":"EntryPoint","urlTemplate":"http:\/\/www.romaniancommunity.net\/rci\/?s={search_term_string}"},"query-input":{"@type":"PropertyValueSpecification","valueRequired":true,"valueName":"search_term_string"}}],"inLanguage":"en-US"}]}},"_links":{"self":[{"href":"http:\/\/www.romaniancommunity.net\/rci\/wp-json\/wp\/v2\/pages\/3955","targetHints":{"allow":["GET"]}}],"collection":[{"href":"http:\/\/www.romaniancommunity.net\/rci\/wp-json\/wp\/v2\/pages"}],"about":[{"href":"http:\/\/www.romaniancommunity.net\/rci\/wp-json\/wp\/v2\/types\/page"}],"author":[{"embeddable":true,"href":"http:\/\/www.romaniancommunity.net\/rci\/wp-json\/wp\/v2\/users\/5"}],"replies":[{"embeddable":true,"href":"http:\/\/www.romaniancommunity.net\/rci\/wp-json\/wp\/v2\/comments?post=3955"}],"version-history":[{"count":4,"href":"http:\/\/www.romaniancommunity.net\/rci\/wp-json\/wp\/v2\/pages\/3955\/revisions"}],"predecessor-version":[{"id":3962,"href":"http:\/\/www.romaniancommunity.net\/rci\/wp-json\/wp\/v2\/pages\/3955\/revisions\/3962"}],"wp:attachment":[{"href":"http:\/\/www.romaniancommunity.net\/rci\/wp-json\/wp\/v2\/media?parent=3955"}],"curies":[{"name":"wp","href":"https:\/\/api.w.org\/{rel}","templated":true}]}}