{"id":30,"date":"2015-04-16T10:15:26","date_gmt":"2015-04-16T10:15:26","guid":{"rendered":"http:\/\/www.romaniancommunity.net\/rci\/?page_id=30"},"modified":"2016-09-05T13:28:58","modified_gmt":"2016-09-05T13:28:58","slug":"intalniri-tematice-cu-comunitatea-romaneasca","status":"publish","type":"page","link":"http:\/\/www.romaniancommunity.net\/rci\/servicii-rci\/intalniri-tematice-cu-comunitatea-romaneasca\/","title":{"rendered":"\u00cent\u00e2lniri tematice"},"content":{"rendered":"<p style=\"text-align: justify;\"><strong>\u00cent\u00e2lniri tematice pentru informarea comunit\u0103\u021bii rom\u00e2ne\u0219ti din Dublin<\/strong><\/p>\n<p style=\"text-align: justify;\">Romanian Community of Ireland i\u015fi propune s\u0103 contribuie la o mai bun\u0103 informare a cet\u0103\u0163enilor rom\u00e2ni afla\u0163i pe teritoriul Irlandei \u015fi s\u0103 ofere sprijin acestora pentru a accesa mai u\u015for serviciile locale. \u00cenc\u0103 din 2013, RCI a \u00eenceput organizarea unei serii de \u00eent\u00e2lniri tematice, cu subiecte de interes variate, av\u00e2nd scopul de a r\u0103spunde nevoilor comunit\u0103\u0163ii de rom\u00e2ni din Irlanda.<\/p>\n<p style=\"text-align: justify;\">Participarea la \u00eent\u00e2lniri este GRATUIT\u0102. \u00cent\u00e2lnirile au loc la sediul RCI &#8211; 53 Upper Dorset Street, Dublin 1. Participan\u0163ii au posibilitatea s\u0103 \u00eent\u00e2lneasc\u0103 speciali\u015fti din diferite domenii \u0219i s\u0103 pun\u0103 \u00eentreb\u0103ri. Atunci c\u00e2nd speciali\u015ftii invita\u0163i nu sunt vorbitori de limba rom\u00e2n\u0103, membrii echipei RCI vor traduce tot ce se discut\u0103. \u00cen continuare v\u0103 facem o prezentare succint\u0103 a \u00eent\u00e2lnirilor de p\u00e2n\u0103 acum, iar pentru cele care vor urma, v\u0103 invit\u0103m s\u0103 urm\u0103ri\u021bi \u0219tirile pe site-ul nostru sau pe pagina noastr\u0103 de Facebook. Toate aceste \u00eent\u00e2lniri tematice sunt proiecte realizate cu sprijinul DRPP \u0219i MAE.<\/p>\n<div class=\"clear hrule\" style=\"text-align: justify;\"><\/div>\n<p style=\"text-align: justify;\"><b>14 noiembrie 2014<br \/>\n<\/b><b>Introducere \u00een sistemul de s\u0103n\u0103tate irlandez<\/b><\/p>\n<p style=\"text-align: justify;\">Romanian Community of Ireland \u0219i\u00a0<b>D<\/b><b>r. Angela P\u00e2rvu<\/b>, medic de familie &#8211; vin \u00een \u00eent\u00e2mpinarea nevoilor tale.<br \/>\n<span style=\"text-decoration: underline;\"><span style=\"line-height: 1.5em;\">Temele abordate:<\/span><\/span><\/p>\n<ul style=\"text-align: justify;\">\n<li>Cum func\u0163ioneaz\u0103 sistemul de s\u0103n\u0103tate irlandez?<\/li>\n<li>Sistemul de asigur\u0103ri de s\u0103n\u0103tate?<\/li>\n<li>Serviciile medicale disponibile \u00een sistemul de s\u0103n\u0103tate privat \u0219i cel de stat.<\/li>\n<li>Cum se face \u00eenregistrarea la un medic de familie (GP)?<\/li>\n<li>Ce servicii medicale sau la ce controale anuale ai dreptul, \u00een regim GRATUIT?<\/li>\n<li>Sfaturi \u00een leg\u0103tur\u0103 cu monitorizarea sarcinii<\/li>\n<li>Vaccinurile disponibile \u00een mod gratuit pentru copii<b><\/b><\/li>\n<\/ul>\n<p style=\"text-align: justify;\">Pentru informa\u021bii suplimentare o pute\u021bi contacta pe dna. doctor Angela P\u00e2rvu, medic de familie.<\/p>\n<p style=\"text-align: justify;\"><b>D<\/b><b>r. Angela P\u00e2rvu GP<br \/>\n<\/b>Village Medical Centre<br \/>\n45 Main Street, Finglas, Dublin 11<br \/>\nTelefon: 01 &#8211; 8341124<br \/>\nEmail: <a href=\"mailto:angelaparvu7@gmail.com\">angelaparvu7@gmail.com<\/a><\/p>\n<div class=\"clear hrule\" style=\"text-align: justify;\"><\/div>\n<p style=\"text-align: justify;\"><b style=\"line-height: 1.5em;\">20 septembrie 2014, 12:00- 14:00<br \/>\n<\/b><b>Cum putem ob\u0163ine cet\u0103\u0163enia irlandez\u0103?<\/b><\/p>\n<p style=\"text-align: justify;\">La cererea multora dintre dvs, <a href=\"https:\/\/www.facebook.com\/RomanianCommunityOfIreland\">Romanian Community of Ireland<\/a>\u00a0 a revenit cu o a doua sesiune de informare despre ob\u0163inerea cet\u0103\u0163eniei irlandeze.<\/p>\n<p style=\"text-align: justify;\">Ave\u0163i \u00eentreb\u0103ri legate de o situa\u021bie anume referitoare la procesul de naturalizare? Ave\u0163i nevoie de asisten\u0163\u0103 pentru a aplica? Care sunt documentele necesare \u015fi c\u00e2t trebuie s\u0103 a\u015ftepta\u0163i pentru a primi ceta\u0163enia irlandez\u0103?<\/p>\n<p style=\"text-align: justify;\">Prezent s\u0103 r\u0103spund\u0103 \u00eentreb\u0103rilor dvs. la acest seminar a fost Edward Boakye, CASS Information Officer de la Citizenship Application Support Service, serviciu oferit de <a href=\"https:\/\/www.facebook.com\/newcommunities\">New Communities Partnership<\/a>.<\/p>\n<p style=\"text-align: justify;\">Pentru mai multe informa\u021bii, pute\u021bi accesa GRATUIT \u0219i confiden\u0163ial serviciile Citizenship Application Support Service<b>.<\/b><\/p>\n<p style=\"text-align: justify;\">Citizenship Application Support Service<br \/>\n<b>New Communities Partnership<br \/>\n<\/b>NCP Dublin &#8211;\u00a0 44 Lower Gardiner Street,\u00a0Dublin 1.Tel: 01 &#8211; 819 6653<br \/>\nNCP Cork &#8211; \u00a0107 Shandon Street,\u00a0Cork.\u00a0Tel: 021 &#8211; 239 9910<\/p>\n<div class=\"clear hrule\" style=\"text-align: justify;\"><\/div>\n<p style=\"text-align: justify;\"><b>16 iunie 2014, 18:30- 20:30<br \/>\n<\/b><b>\u00cent\u00e2lnire tematic\u0103 despre cardurile medicale<\/b><\/p>\n<p style=\"text-align: justify;\">La invita\u0163ia organiza\u0163iei Romanian Community of Ireland a r\u0103spuns\u00a0 dna.<b>\u00a0doctor<\/b><b>\u00a0Angela P\u00e2rvu<br \/>\n<\/b><span style=\"text-decoration: underline;\">Temele de discu\u0163ie abordate au fost\u00a0 legate de:<\/span><\/p>\n<ul style=\"text-align: justify;\">\n<li>Sistemul cardurilor medicale<\/li>\n<li>Ce este Medical Card?<\/li>\n<li>Ce este GP visits Card?<\/li>\n<li>Ce este Drug Payment Scheme?<\/li>\n<li>Ce sprijin poate primi o persoan\u0103\u00a0 de la Serviciile Sociale irlandeze \u00een cazul \u00een care sufer\u0103 de anumite boli ?<\/li>\n<\/ul>\n<p style=\"text-align: justify;\"><span style=\"line-height: 1.5em;\">Pentru informa\u0163ii suplimentare, datele de contact ale dnei Dr. Angela P\u00e2rvu, medic de familie sunt urm\u0103toarele:<\/span><\/p>\n<p style=\"text-align: justify;\"><b>D<\/b><b>r. Angela P\u00e2rvu GP<br \/>\n<\/b>Village Medical Centre<br \/>\n45 Main Street, Finglas, Dublin 11<br \/>\nTelefon: 01 &#8211; 8341124<br \/>\nEmail: <a href=\"mailto:angelaparvu7@gmail.com\">angelaparvu7@gmail.com<\/a><\/p>\n<div class=\"clear hrule\" style=\"text-align: justify;\"><\/div>\n<p style=\"text-align: justify;\"><b style=\"line-height: 1.5em;\">2 aprilie 2014, 18:30- 20:30<br \/>\n<\/b><b style=\"line-height: 1.5em;\">\u00cent\u00e2lnire pentru informarea comunit\u0103\u021bii pe teme despre servicii medicale gratuite \u00een Irlanda<\/b><\/p>\n<p style=\"text-align: justify;\">Invita\u0163ii Romanian Community of Ireland au fost d-ul Emanuel Njume Sone, Advocate &amp; Information Officer de la\u00a0 CAIRDE\u00a0 \u0219i d-na Dr Gabriela Uruiocea, medic de familie.<\/p>\n<p style=\"text-align: justify;\"><span style=\"text-decoration: underline;\"><span style=\"line-height: 1.5em;\">Temele abordate:<\/span><\/span><\/p>\n<ul style=\"text-align: justify;\">\n<li>Serviciile medicale disponibile \u00een sistemul de s\u0103n\u0103tate privat \u0219i cel de stat.<\/li>\n<li>Cum se face \u00eenregistrarea la un medic de familie (GP)?<\/li>\n<li>Ce servicii medicale sau la ce controale anuale ai dreptul, \u00een regim GRATUIT?<\/li>\n<li>Cum anume avem acces la servicii specializate pentru persoanele cu dizabilit\u0103\u0163i?<\/li>\n<li>Cine ne poate sprijini ca s\u0103 avem acces la servicii medicale?<b><\/b><\/li>\n<\/ul>\n<p style=\"text-align: justify;\">Pentru informa\u021bii suplimentare pute\u021bi apela cu \u00eencredere la partenerii no\u0219tri.<\/p>\n<p style=\"text-align: justify;\"><strong>Parnell Medical Center<\/strong><br \/>\n<b>Dr. Gabriela Uruiocea<br \/>\n<\/b>135 Parnell Street<strong>, <\/strong>Dublin 1<strong>, <\/strong>Ireland<br \/>\nTelefon: <a href=\"tel:08623281810879435277\">086 2328181\/ 087 9435277<\/a><\/p>\n<p style=\"text-align: justify;\"><b style=\"line-height: 1.5em;\">Cairde<br \/>\n<\/b><a href=\"http:\/\/www.google.com\/maps?q=19+belvedere+place,+dublin++1&amp;hl=en&amp;sll=37.0625,-95.677068&amp;sspn=37.735377,86.572266&amp;hnear=19+Belvedere+Pl,+Droim+Conrach,+Dublin+1,+Ireland&amp;t=m&amp;z=16\">19 Belvedere Place, Dublin 1.<br \/>\n<\/a>Telefon:\u00a0 01 855 2111<br \/>\nEmail: info<a href=\"mailto:healthworker@cairde.ie\">@cairde.ie<\/a>.<br \/>\n<a href=\"http:\/\/www.cairde.ie\/\">www.cairde.ie<\/a><\/p>\n<div class=\"clear hrule\" style=\"text-align: justify;\"><\/div>\n<p style=\"text-align: justify;\"><b style=\"line-height: 1.5em;\">4 februarie 2014, ora 18:30 -20:30<br \/>\n<\/b><b>Seara de informa\u0163ii despre cet\u0103\u0163enia irlandez\u0103<\/b><\/p>\n<p style=\"text-align: justify;\"><span style=\"line-height: 1.5em;\">Romanian Community of Ireland \u0219i Citizenship Application Support Service (CASS) r\u0103spund \u00eentreb\u0103rilor d-voastr\u0103 la acest seminar. Invitat este Edward Boakye, coordonatorul serviciului CASS.<br \/>\n<\/span><span style=\"text-decoration: underline; line-height: 1.5em;\">Temele abordate vor fi:<\/span><\/p>\n<ul style=\"text-align: justify;\">\n<li>Care sunt condi\u0163iile \u00een care un cet\u0103\u0163ean rom\u00e2n poate aplica pentru ob\u0163inerea cet\u0103\u0163eniei irlandeze?<\/li>\n<li>Care sunt documentele necesare ?<\/li>\n<li>C\u00e2t cost\u0103 procesul de aplicare?<\/li>\n<li>Care sunt condi\u0163iile aplica\u0163iei \u00een cazul minorilor?<\/li>\n<li>Ce se \u00eent\u00e2mpl\u0103 \u00een cazul aplican\u021bilor care au \u00eenc\u0103lcat legea pe teritoriul Statului irlandez (inclusiv amenzi rutiere sau neplata licen\u0163ei TV)?<\/li>\n<li>C\u00e2t dureaz\u0103 \u00eentregul proces?<\/li>\n<li>Ce trebuie s\u0103 fac dac\u0103 Ministerul de Justi\u0163ie irlandez \u00eemi cere documente suplimentare?<\/li>\n<\/ul>\n<p style=\"text-align: justify;\">Pentru mai multe informa\u0163ii, pute\u0163i accesa GRATUIT \u0219i confiden\u0163ial serviciile Citizenship Application Support Service.<b><\/b><\/p>\n<p style=\"text-align: justify;\">Citizenship Application Support Service<br \/>\n<b>New Communities Partnership<br \/>\n<\/b>NCP Dublin &#8211;\u00a0 44 Lower Gardiner Street,\u00a0Dublin 1.Tel: 01 &#8211; 819 6653<br \/>\nNCP Cork &#8211; \u00a0107 Shandon Street,\u00a0Cork.\u00a0Tel: 021 &#8211; 239 9910<\/p>\n<div class=\"clear hrule\" style=\"text-align: justify;\"><\/div>\n<p style=\"text-align: justify;\"><b>19 noiembrie 2013, \u00eentre orele 6.30pm \u2013 8 pm<br \/>\n<\/b><b>Introducere \u00een sistemul de taxe \u0219i impozite irlandez<\/b><\/p>\n<p style=\"text-align: justify;\"><span style=\"line-height: 1.5em;\">\u201cI hate paying taxes. But I love the civilization they give me\u201d &#8211; Oliver Wendell Holmes Sr.<\/span><\/p>\n<p style=\"text-align: justify;\">\u201eUr\u0103sc s\u0103 pl\u0103tesc taxe. Dar \u00eemi place civiliza\u021bia adus\u0103 de taxele pl\u0103tite\u201d<\/p>\n<p style=\"text-align: justify;\">Temele abordate de speciali\u015ftii rom\u00e2ni ai firmei de consultan\u0163\u0103 finaciar\u0103 <b>E-Koncept<\/b> au fost urm\u0103toarele: <b><\/b><\/p>\n<ul style=\"text-align: justify;\">\n<li>Ce este PPSN si la ce \u00eemi folose\u015fte?<\/li>\n<li>Sistemul de taxe \u0219i impozite din Irlanda din punctul de vedere al unui angajat.<\/li>\n<li>Sistemul de pensii din Irlanda.<\/li>\n<li>Ce trebuie f\u0103cut \u00een cazul schimb\u0103rii locului de munc\u0103?<\/li>\n<li>Ce trebuie s\u0103 fac dac\u0103 m-am hot\u0103r\u00e2t s\u0103 plec definitiv din Irlanda?<\/li>\n<li>Sistemul de taxare pentru cei interesa\u021bi sa-\u0219i deschid\u0103 o afacere<\/li>\n<\/ul>\n<p style=\"text-align: justify;\"><b>Informa\u021bii \u0219i sprijin pute\u021bi ob\u021bine apel\u00e2nd direct serviciile firmei:<\/b><\/p>\n<p style=\"text-align: justify;\"><b>E-Koncept<br \/>\n<\/b>Adresa: 3 Portland Street North, Dublin<br \/>\nTelefon: 01 &#8211; 516 9452<br \/>\n<a href=\"http:\/\/www.ekoncept.ie\/\">www.ekoncept.ie<\/a><\/p>\n<div class=\"clear hrule\" style=\"text-align: justify;\"><\/div>\n<p style=\"text-align: justify;\"><b style=\"line-height: 1.5em;\">23 octombrie 2013, \u00eencep\u00e2nd cu ora 18.00<br \/>\n<\/b><b style=\"line-height: 1.5em;\">Sear\u0103 de informa\u021bii legale<\/b><\/p>\n<p style=\"text-align: justify;\"><span style=\"line-height: 1.5em;\">\u00cen calitate de speciali\u015fti, au r\u0103spuns pozitiv invita\u0163iei noastre,\u00a0<\/span><b style=\"line-height: 1.5em;\">Avocat Cristina Stamatescu<\/b><span style=\"line-height: 1.5em;\"> \u00eempreun\u0103 cu colegii s\u0103i, <\/span><b style=\"line-height: 1.5em;\">Av. Sarah Jane Hillery<\/b><span style=\"line-height: 1.5em;\"> specializat\u0103 \u00een probleme legate de Dreptul Muncii \u015fi Accidente de Munc\u0103 \u015fi\u00a0 <\/span><b style=\"line-height: 1.5em;\">Av<\/b><span style=\"line-height: 1.5em;\">. <\/span><b style=\"line-height: 1.5em;\">James Buckley<\/b><span style=\"line-height: 1.5em;\"> cu expertiz\u0103 \u00een Azil Politic \u015fi Legea Imigr\u0103rii.<\/span><\/p>\n<p style=\"text-align: justify;\"><span style=\"line-height: 1.5em;\">Dup\u0103 o scurt\u0103 prezentare, seara a \u00eenceput cu definirea unor termeni specifici domeniului, cum ar fi diferen\u021ba dintre \u2018solicitor\u2019 &#8211; avocatul care se \u00eent\u00e2lne\u015fte cu clientul, \u00eel reprezint\u0103, identific\u0103 \u015fi ofer\u0103 posibilit\u0103\u021bi concrete &#8211; \u015fi \u2018barister\u2019 &#8211; avocatul specializat \u00eentr-unul sau mai multe domenii, a c\u0103rui expertiz\u0103 este cerut\u0103 de solicitor \u015fi nu de c\u0103tre client.<\/span><\/p>\n<p style=\"text-align: justify;\">\u00cen cadul sec\u0163iunii \u00centreb\u0103ri \u015fi R\u0103spunsuri, subiectele discutate au variat, cu un nivel de interes ridicat in ariile: Dreptul Muncii, Azil Politic, Legea Imigr\u0103rii. \u00centreb\u0103rile adresate avoca\u021bilor au cuprins urm\u0103toarele domenii:<\/p>\n<ul style=\"text-align: justify;\">\n<li>Contractul de Munc\u0103: tipuri, form\u0103 \u015fi con\u021binut, modific\u0103ri contractuale<\/li>\n<li>Accidente de Munc\u0103<\/li>\n<li>Cet\u0103\u021benie<\/li>\n<li>Reziden\u021b\u0103 temporar\u0103 \u015fi permanent\u0103<\/li>\n<li>\u015eomaj \u015fi ajutor de \u015fomaj<\/li>\n<li>Aloca\u021bie<\/li>\n<\/ul>\n<p style=\"text-align: justify;\"><span style=\"line-height: 1.5em;\">Avocatul Cristina Stamatescu ne-a vorbit \u015fi despre dreptul la o copie dup\u0103 toate documentele completate \u00een cadrul oric\u0103rei institu\u021bii, \u00een baza Legii \u201eData Protection Act\u201d (Legea Datelor cu Caracter Personal) \u015fi a \u201eFreedom of Information Act\u201d. Procedura const\u0103 \u00een trimiterea unei scrisori c\u0103tre respectiva institu\u021bie, amintind de cele 2 Legi, iar copiile vor fi primite \u00een maxim 40 de zile.<\/span><\/p>\n<p style=\"text-align: justify;\"><span style=\"line-height: 1.5em;\">Rela\u021bia avocat-client trebuie s\u0103 fie una transparent\u0103, de \u00eencredere, eficient\u0103 pe fondul unei comunic\u0103ri constante. De re\u021binut: partea financiar\u0103 trebuie discutat\u0103 de la \u00eenceput.<\/span><\/p>\n<p style=\"text-align: justify;\"><span style=\"line-height: 1.5em;\">\u00cen cazul accidentelor, \u00een special accidentelor de ma\u015fin\u0103, este foarte important s\u0103 se noteze totul, c\u00e2t mai \u00een detaliu. \u00cen sala de judecat\u0103 va avea greutate o prezentare foarte detaliat\u0103 \u015fi precis\u0103.<\/span><\/p>\n<p style=\"text-align: justify;\"><span style=\"line-height: 1.5em;\">Procesul de acordare a Cet\u0103\u021beniei este \u00een continuare restrictiv. Este \u015ftiut c\u0103 trebuie s\u0103 ai 5 ani locui\u021bi aici, \u00eens\u0103 ace\u015fti 5 ani pot fi cumula\u021bi din ultimii 8, cu excep\u021bia anului dinaintea depunerii cererii. Se verific\u0103, analizeaz\u0103 \u015fi se iau \u00een considerare toate aspectele ce \u021bin de perioada respectiv\u0103, asta \u00eenseamn\u0103 c\u0103 \u015fi o singur\u0103 amend\u0103 pentru vitez\u0103 poate reprezenta un motiv pentru respingerea dosarului.<\/span><\/p>\n<p style=\"text-align: justify;\">\u00cen cazul \u00een care sunt aspecte pe care dori\u021bi s\u0103 le discuta\u021bi \u00een particular cu domni\u015foara Avocat Cristina Stamatescu, v\u0103 recomand\u0103m s\u0103 o contacta\u0163i cu \u00eencredere utiliz\u00e2nd datele de mai jos:<\/p>\n<p style=\"text-align: justify;\"><b>CRISTINA STAMATESCU &#8211; Solicitor\/Avocat<br \/>\n<\/b>Adresa: The Glass House, 11 Coke Lane, Smithfield, Dublin 7<br \/>\nTelefon: 087 1514292<br \/>\nFax: 01 &#8211; 872 9109<br \/>\n<a href=\"http:\/\/www.cssolicitors.com\/\" target=\"_blank\">www.cssolicitors.com<br \/>\n<\/a>E-mail: <a href=\"mailto:cristina_stamatescu_solicitor@yahoo.ie\" target=\"_blank\">cristina_stamatescu_solicitor@yahoo.ie<\/a><\/p>\n","protected":false},"excerpt":{"rendered":"<p>\u00cent\u00e2lniri tematice pentru informarea comunit\u0103\u021bii rom\u00e2ne\u0219ti din Dublin Romanian Community of Ireland i\u015fi propune s\u0103 contribuie la o mai bun\u0103 informare a cet\u0103\u0163enilor rom\u00e2ni afla\u0163i pe teritoriul Irlandei \u015fi s\u0103 [&hellip;]<\/p>\n","protected":false},"author":7,"featured_media":2367,"parent":28,"menu_order":0,"comment_status":"closed","ping_status":"closed","template":"","meta":{"footnotes":""},"class_list":["post-30","page","type-page","status-publish","has-post-thumbnail","hentry"],"yoast_head":"<!-- This site is optimized with the Yoast SEO plugin v27.5 - https:\/\/yoast.com\/product\/yoast-seo-wordpress\/ -->\n<title>\u00cent\u00e2lniri tematice - Romanian Community of Ireland<\/title>\n<meta name=\"description\" content=\"\u00cent\u00e2lniri tematice pentru informarea comunit\u0103\u021bii rom\u00e2ne\u0219ti din Dublin.RCI i\u015fi propune s\u0103 contribuie la o mai bun\u0103 informare a cet\u0103\u0163enilor rom\u00e2ni din Irlanda\" \/>\n<meta name=\"robots\" content=\"index, follow, max-snippet:-1, max-image-preview:large, max-video-preview:-1\" \/>\n<link rel=\"canonical\" href=\"https:\/\/www.romaniancommunity.net\/rci\/servicii-rci\/intalniri-tematice-cu-comunitatea-romaneasca\/\" \/>\n<meta property=\"og:locale\" content=\"en_US\" \/>\n<meta property=\"og:type\" content=\"article\" \/>\n<meta property=\"og:title\" content=\"\u00cent\u00e2lniri tematice - Romanian Community of Ireland\" \/>\n<meta property=\"og:description\" content=\"\u00cent\u00e2lniri tematice pentru informarea comunit\u0103\u021bii rom\u00e2ne\u0219ti din Dublin.RCI i\u015fi propune s\u0103 contribuie la o mai bun\u0103 informare a cet\u0103\u0163enilor rom\u00e2ni din Irlanda\" \/>\n<meta property=\"og:url\" content=\"https:\/\/www.romaniancommunity.net\/rci\/servicii-rci\/intalniri-tematice-cu-comunitatea-romaneasca\/\" \/>\n<meta property=\"og:site_name\" content=\"Romanian Community of Ireland\" \/>\n<meta property=\"article:publisher\" content=\"https:\/\/www.facebook.com\/RomanianCommunityOfIreland\/\" \/>\n<meta property=\"article:modified_time\" content=\"2016-09-05T13:28:58+00:00\" \/>\n<meta property=\"og:image\" content=\"https:\/\/www.romaniancommunity.net\/rci\/wp-content\/uploads\/2016\/05\/13268128_1208793122487422_6557296137456799895_o.jpg\" \/>\n\t<meta property=\"og:image:width\" content=\"1225\" \/>\n\t<meta property=\"og:image:height\" content=\"594\" \/>\n\t<meta property=\"og:image:type\" content=\"image\/jpeg\" \/>\n<meta name=\"twitter:card\" content=\"summary_large_image\" \/>\n<meta name=\"twitter:label1\" content=\"Est. reading time\" \/>\n\t<meta name=\"twitter:data1\" content=\"7 minutes\" \/>\n<script type=\"application\/ld+json\" class=\"yoast-schema-graph\">{\"@context\":\"https:\\\/\\\/schema.org\",\"@graph\":[{\"@type\":\"WebPage\",\"@id\":\"https:\\\/\\\/www.romaniancommunity.net\\\/rci\\\/servicii-rci\\\/intalniri-tematice-cu-comunitatea-romaneasca\\\/\",\"url\":\"https:\\\/\\\/www.romaniancommunity.net\\\/rci\\\/servicii-rci\\\/intalniri-tematice-cu-comunitatea-romaneasca\\\/\",\"name\":\"\u00cent\u00e2lniri tematice - Romanian Community of Ireland\",\"isPartOf\":{\"@id\":\"http:\\\/\\\/www.romaniancommunity.net\\\/rci\\\/#website\"},\"primaryImageOfPage\":{\"@id\":\"https:\\\/\\\/www.romaniancommunity.net\\\/rci\\\/servicii-rci\\\/intalniri-tematice-cu-comunitatea-romaneasca\\\/#primaryimage\"},\"image\":{\"@id\":\"https:\\\/\\\/www.romaniancommunity.net\\\/rci\\\/servicii-rci\\\/intalniri-tematice-cu-comunitatea-romaneasca\\\/#primaryimage\"},\"thumbnailUrl\":\"http:\\\/\\\/www.romaniancommunity.net\\\/rci\\\/wp-content\\\/uploads\\\/2016\\\/05\\\/13268128_1208793122487422_6557296137456799895_o.jpg\",\"datePublished\":\"2015-04-16T10:15:26+00:00\",\"dateModified\":\"2016-09-05T13:28:58+00:00\",\"description\":\"\u00cent\u00e2lniri tematice pentru informarea comunit\u0103\u021bii rom\u00e2ne\u0219ti din Dublin.RCI i\u015fi propune s\u0103 contribuie la o mai bun\u0103 informare a cet\u0103\u0163enilor rom\u00e2ni din Irlanda\",\"breadcrumb\":{\"@id\":\"https:\\\/\\\/www.romaniancommunity.net\\\/rci\\\/servicii-rci\\\/intalniri-tematice-cu-comunitatea-romaneasca\\\/#breadcrumb\"},\"inLanguage\":\"en-US\",\"potentialAction\":[{\"@type\":\"ReadAction\",\"target\":[\"https:\\\/\\\/www.romaniancommunity.net\\\/rci\\\/servicii-rci\\\/intalniri-tematice-cu-comunitatea-romaneasca\\\/\"]}]},{\"@type\":\"ImageObject\",\"inLanguage\":\"en-US\",\"@id\":\"https:\\\/\\\/www.romaniancommunity.net\\\/rci\\\/servicii-rci\\\/intalniri-tematice-cu-comunitatea-romaneasca\\\/#primaryimage\",\"url\":\"http:\\\/\\\/www.romaniancommunity.net\\\/rci\\\/wp-content\\\/uploads\\\/2016\\\/05\\\/13268128_1208793122487422_6557296137456799895_o.jpg\",\"contentUrl\":\"http:\\\/\\\/www.romaniancommunity.net\\\/rci\\\/wp-content\\\/uploads\\\/2016\\\/05\\\/13268128_1208793122487422_6557296137456799895_o.jpg\",\"width\":1225,\"height\":594,\"caption\":\"\u00cent\u00e2lniri tematice\"},{\"@type\":\"BreadcrumbList\",\"@id\":\"https:\\\/\\\/www.romaniancommunity.net\\\/rci\\\/servicii-rci\\\/intalniri-tematice-cu-comunitatea-romaneasca\\\/#breadcrumb\",\"itemListElement\":[{\"@type\":\"ListItem\",\"position\":1,\"name\":\"Home\",\"item\":\"http:\\\/\\\/www.romaniancommunity.net\\\/rci\\\/\"},{\"@type\":\"ListItem\",\"position\":2,\"name\":\"SERVICII\",\"item\":\"https:\\\/\\\/www.romaniancommunity.net\\\/rci\\\/servicii-rci\\\/\"},{\"@type\":\"ListItem\",\"position\":3,\"name\":\"\u00cent\u00e2lniri tematice\"}]},{\"@type\":\"WebSite\",\"@id\":\"http:\\\/\\\/www.romaniancommunity.net\\\/rci\\\/#website\",\"url\":\"http:\\\/\\\/www.romaniancommunity.net\\\/rci\\\/\",\"name\":\"Romanian Community of Ireland\",\"description\":\"Comunitatea Rom\u00e2nilor din Irlanda\",\"potentialAction\":[{\"@type\":\"SearchAction\",\"target\":{\"@type\":\"EntryPoint\",\"urlTemplate\":\"http:\\\/\\\/www.romaniancommunity.net\\\/rci\\\/?s={search_term_string}\"},\"query-input\":{\"@type\":\"PropertyValueSpecification\",\"valueRequired\":true,\"valueName\":\"search_term_string\"}}],\"inLanguage\":\"en-US\"}]}<\/script>\n<!-- \/ Yoast SEO plugin. -->","yoast_head_json":{"title":"\u00cent\u00e2lniri tematice - Romanian Community of Ireland","description":"\u00cent\u00e2lniri tematice pentru informarea comunit\u0103\u021bii rom\u00e2ne\u0219ti din Dublin.RCI i\u015fi propune s\u0103 contribuie la o mai bun\u0103 informare a cet\u0103\u0163enilor rom\u00e2ni din Irlanda","robots":{"index":"index","follow":"follow","max-snippet":"max-snippet:-1","max-image-preview":"max-image-preview:large","max-video-preview":"max-video-preview:-1"},"canonical":"https:\/\/www.romaniancommunity.net\/rci\/servicii-rci\/intalniri-tematice-cu-comunitatea-romaneasca\/","og_locale":"en_US","og_type":"article","og_title":"\u00cent\u00e2lniri tematice - Romanian Community of Ireland","og_description":"\u00cent\u00e2lniri tematice pentru informarea comunit\u0103\u021bii rom\u00e2ne\u0219ti din Dublin.RCI i\u015fi propune s\u0103 contribuie la o mai bun\u0103 informare a cet\u0103\u0163enilor rom\u00e2ni din Irlanda","og_url":"https:\/\/www.romaniancommunity.net\/rci\/servicii-rci\/intalniri-tematice-cu-comunitatea-romaneasca\/","og_site_name":"Romanian Community of Ireland","article_publisher":"https:\/\/www.facebook.com\/RomanianCommunityOfIreland\/","article_modified_time":"2016-09-05T13:28:58+00:00","og_image":[{"width":1225,"height":594,"url":"https:\/\/www.romaniancommunity.net\/rci\/wp-content\/uploads\/2016\/05\/13268128_1208793122487422_6557296137456799895_o.jpg","type":"image\/jpeg"}],"twitter_card":"summary_large_image","twitter_misc":{"Est. reading time":"7 minutes"},"schema":{"@context":"https:\/\/schema.org","@graph":[{"@type":"WebPage","@id":"https:\/\/www.romaniancommunity.net\/rci\/servicii-rci\/intalniri-tematice-cu-comunitatea-romaneasca\/","url":"https:\/\/www.romaniancommunity.net\/rci\/servicii-rci\/intalniri-tematice-cu-comunitatea-romaneasca\/","name":"\u00cent\u00e2lniri tematice - Romanian Community of Ireland","isPartOf":{"@id":"http:\/\/www.romaniancommunity.net\/rci\/#website"},"primaryImageOfPage":{"@id":"https:\/\/www.romaniancommunity.net\/rci\/servicii-rci\/intalniri-tematice-cu-comunitatea-romaneasca\/#primaryimage"},"image":{"@id":"https:\/\/www.romaniancommunity.net\/rci\/servicii-rci\/intalniri-tematice-cu-comunitatea-romaneasca\/#primaryimage"},"thumbnailUrl":"http:\/\/www.romaniancommunity.net\/rci\/wp-content\/uploads\/2016\/05\/13268128_1208793122487422_6557296137456799895_o.jpg","datePublished":"2015-04-16T10:15:26+00:00","dateModified":"2016-09-05T13:28:58+00:00","description":"\u00cent\u00e2lniri tematice pentru informarea comunit\u0103\u021bii rom\u00e2ne\u0219ti din Dublin.RCI i\u015fi propune s\u0103 contribuie la o mai bun\u0103 informare a cet\u0103\u0163enilor rom\u00e2ni din Irlanda","breadcrumb":{"@id":"https:\/\/www.romaniancommunity.net\/rci\/servicii-rci\/intalniri-tematice-cu-comunitatea-romaneasca\/#breadcrumb"},"inLanguage":"en-US","potentialAction":[{"@type":"ReadAction","target":["https:\/\/www.romaniancommunity.net\/rci\/servicii-rci\/intalniri-tematice-cu-comunitatea-romaneasca\/"]}]},{"@type":"ImageObject","inLanguage":"en-US","@id":"https:\/\/www.romaniancommunity.net\/rci\/servicii-rci\/intalniri-tematice-cu-comunitatea-romaneasca\/#primaryimage","url":"http:\/\/www.romaniancommunity.net\/rci\/wp-content\/uploads\/2016\/05\/13268128_1208793122487422_6557296137456799895_o.jpg","contentUrl":"http:\/\/www.romaniancommunity.net\/rci\/wp-content\/uploads\/2016\/05\/13268128_1208793122487422_6557296137456799895_o.jpg","width":1225,"height":594,"caption":"\u00cent\u00e2lniri tematice"},{"@type":"BreadcrumbList","@id":"https:\/\/www.romaniancommunity.net\/rci\/servicii-rci\/intalniri-tematice-cu-comunitatea-romaneasca\/#breadcrumb","itemListElement":[{"@type":"ListItem","position":1,"name":"Home","item":"http:\/\/www.romaniancommunity.net\/rci\/"},{"@type":"ListItem","position":2,"name":"SERVICII","item":"https:\/\/www.romaniancommunity.net\/rci\/servicii-rci\/"},{"@type":"ListItem","position":3,"name":"\u00cent\u00e2lniri tematice"}]},{"@type":"WebSite","@id":"http:\/\/www.romaniancommunity.net\/rci\/#website","url":"http:\/\/www.romaniancommunity.net\/rci\/","name":"Romanian Community of Ireland","description":"Comunitatea Rom\u00e2nilor din Irlanda","potentialAction":[{"@type":"SearchAction","target":{"@type":"EntryPoint","urlTemplate":"http:\/\/www.romaniancommunity.net\/rci\/?s={search_term_string}"},"query-input":{"@type":"PropertyValueSpecification","valueRequired":true,"valueName":"search_term_string"}}],"inLanguage":"en-US"}]}},"_links":{"self":[{"href":"http:\/\/www.romaniancommunity.net\/rci\/wp-json\/wp\/v2\/pages\/30","targetHints":{"allow":["GET"]}}],"collection":[{"href":"http:\/\/www.romaniancommunity.net\/rci\/wp-json\/wp\/v2\/pages"}],"about":[{"href":"http:\/\/www.romaniancommunity.net\/rci\/wp-json\/wp\/v2\/types\/page"}],"author":[{"embeddable":true,"href":"http:\/\/www.romaniancommunity.net\/rci\/wp-json\/wp\/v2\/users\/7"}],"replies":[{"embeddable":true,"href":"http:\/\/www.romaniancommunity.net\/rci\/wp-json\/wp\/v2\/comments?post=30"}],"version-history":[{"count":18,"href":"http:\/\/www.romaniancommunity.net\/rci\/wp-json\/wp\/v2\/pages\/30\/revisions"}],"predecessor-version":[{"id":2061,"href":"http:\/\/www.romaniancommunity.net\/rci\/wp-json\/wp\/v2\/pages\/30\/revisions\/2061"}],"up":[{"embeddable":true,"href":"http:\/\/www.romaniancommunity.net\/rci\/wp-json\/wp\/v2\/pages\/28"}],"wp:featuredmedia":[{"embeddable":true,"href":"http:\/\/www.romaniancommunity.net\/rci\/wp-json\/wp\/v2\/media\/2367"}],"wp:attachment":[{"href":"http:\/\/www.romaniancommunity.net\/rci\/wp-json\/wp\/v2\/media?parent=30"}],"curies":[{"name":"wp","href":"https:\/\/api.w.org\/{rel}","templated":true}]}}